{"version":"1.0","provider_name":"Sonora en Equipo.","provider_url":"https:\/\/www.sonoraenequipo.com.mx","author_name":"enequipo","author_url":"https:\/\/www.sonoraenequipo.com.mx\/profile\/admin\/","title":"Sonora en Equipo. Confirman segunda muerte por viruela del mono en Espa\u00f1a MUNDO","type":"rich","width":600,"height":338,"html":"<blockquote class=\"wp-embedded-content\" data-secret=\"jjl8wTjz0v\"><a href=\"https:\/\/www.sonoraenequipo.com.mx\/confirman-segunda-muerte-por-viruela-del-mono-en-espana\/\">Confirman segunda muerte por viruela del mono en Espa\u00f1a<\/a><\/blockquote><iframe sandbox=\"allow-scripts\" security=\"restricted\" src=\"https:\/\/www.sonoraenequipo.com.mx\/confirman-segunda-muerte-por-viruela-del-mono-en-espana\/embed\/#?secret=jjl8wTjz0v\" width=\"600\" height=\"338\" title=\"\u00abConfirman segunda muerte por viruela del mono en Espa\u00f1a\u00bb \u2014 Sonora en Equipo.\" data-secret=\"jjl8wTjz0v\" frameborder=\"0\" marginwidth=\"0\" marginheight=\"0\" scrolling=\"no\" class=\"wp-embedded-content\"><\/iframe><script type=\"text\/javascript\">\n\/* <![CDATA[ *\/\n\/*! This file is auto-generated *\/\n!function(d,l){\"use strict\";l.querySelector&&d.addEventListener&&\"undefined\"!=typeof URL&&(d.wp=d.wp||{},d.wp.receiveEmbedMessage||(d.wp.receiveEmbedMessage=function(e){var t=e.data;if((t||t.secret||t.message||t.value)&&!\/[^a-zA-Z0-9]\/.test(t.secret)){for(var s,r,n,a=l.querySelectorAll('iframe[data-secret=\"'+t.secret+'\"]'),o=l.querySelectorAll('blockquote[data-secret=\"'+t.secret+'\"]'),c=new RegExp(\"^https?:$\",\"i\"),i=0;i<o.length;i++)o[i].style.display=\"none\";for(i=0;i<a.length;i++)s=a[i],e.source===s.contentWindow&&(s.removeAttribute(\"style\"),\"height\"===t.message?(1e3<(r=parseInt(t.value,10))?r=1e3:~~r<200&&(r=200),s.height=r):\"link\"===t.message&&(r=new URL(s.getAttribute(\"src\")),n=new URL(t.value),c.test(n.protocol))&&n.host===r.host&&l.activeElement===s&&(d.top.location.href=t.value))}},d.addEventListener(\"message\",d.wp.receiveEmbedMessage,!1),l.addEventListener(\"DOMContentLoaded\",function(){for(var e,t,s=l.querySelectorAll(\"iframe.wp-embedded-content\"),r=0;r<s.length;r++)(t=(e=s[r]).getAttribute(\"data-secret\"))||(t=Math.random().toString(36).substring(2,12),e.src+=\"#?secret=\"+t,e.setAttribute(\"data-secret\",t)),e.contentWindow.postMessage({message:\"ready\",secret:t},\"*\")},!1)))}(window,document);\n\/* ]]> *\/\n<\/script>\n","thumbnail_url":"https:\/\/www.sonoraenequipo.com.mx\/storage\/2022\/07\/lesiones-viruela-del-mono.jpg","thumbnail_width":900,"thumbnail_height":514,"description":"MADRID,ESPA\u00d1A.\u2500\u2500 El Ministerio de Sanidad ha informado este s\u00e1bado de la segunda muerte por viruela del mono en Espa\u00f1a, tras notificar el viernes la En Sonora en Equipo publicamos toda la informaci\u00f3n de Sonora, M\u00e9xico y el Mundo de manera oportuna y busca que la libertad de expresi\u00f3n sea real. Visita nuestro medio informativo publicado desde Hermosillo, Sonora. %"}