{"id":97290,"date":"2022-02-28T00:04:11","date_gmt":"2022-02-28T07:04:11","guid":{"rendered":"https:\/\/www.sonoraenequipo.com.mx\/?page_id=97290"},"modified":"2026-05-01T21:51:23","modified_gmt":"2026-05-02T04:51:23","slug":"sonora-en-equipo-informacion-al-instante-desde-hermosillo-sonora-mexico","status":"publish","type":"page","link":"https:\/\/www.sonoraenequipo.com.mx\/","title":{"rendered":"SONORA EN EQUIPO"},"content":{"rendered":"<div id=\"pl-97290\"  class=\"panel-layout\" ><div id=\"pg-97290-0\"  class=\"panel-grid panel-no-style\" ><div id=\"pgc-97290-0-0\"  class=\"panel-grid-cell panel-grid-cell-empty panel-grid-cell-mobile-last\" ><\/div><div id=\"pgc-97290-0-1\"  class=\"panel-grid-cell panel-grid-cell-empty\" ><\/div><\/div><div id=\"pg-97290-1\"  class=\"panel-grid panel-no-style\" ><div id=\"pgc-97290-1-0\"  class=\"panel-grid-cell panel-grid-cell-empty\" ><\/div><\/div><div id=\"pg-97290-2\"  class=\"panel-grid panel-no-style\" ><div id=\"pgc-97290-2-0\"  class=\"panel-grid-cell\" ><div id=\"panel-97290-2-0-0\" class=\"so-panel widget widget_media_video panel-first-child\" data-index=\"0\" ><div style=\"width:100%;\" class=\"wp-video\"> \n<video class=\"wp-video-shortcode\" id=\"video-97290-1\" preload=\"metadata\" controls=\"controls\"><source type=\"video\/youtube\" src=\"https:\/\/www.youtube.com\/watch?v=OW8HMDNrGXw&#038;_=1\" \/><a href=\"https:\/\/www.youtube.com\/watch?v=OW8HMDNrGXw\">https:\/\/www.youtube.com\/watch?v=OW8HMDNrGXw<\/a><\/video><\/div><\/div><div id=\"panel-97290-2-0-1\" class=\"so-panel widget widget_covernews_posts_carousel covernews_posts_carousel_widget grid-layout panel-last-child\" data-index=\"1\" >              <div class=\"em-title-subtitle-wrap\">\n              <h2 class=\"widget-title header-after1\">\n      <span class=\"header-after \">\n                SONORA      <\/span>\n    <\/h2>\n        <\/div>\n                  <div class=\"posts-carousel row\">\n                    <div class=\"slick-item\">\n              <figure class=\"carousel-image col-sm-12\">\n                <div class=\"spotlight-post\" data-mh=\"carousal-height\">\n                  <figure class=\"featured-article  inside-img\">\n                    <div class=\"featured-article-wrapper\">\n                      <div class=\"data-bg-hover data-bg-featured read-bg-img\">\n                        <a href=\"https:\/\/www.sonoraenequipo.com.mx\/gobernador-durazo-arranca-programa-de-saneamiento-de-agua-en-nogales-para-garantizar-abasto-a-la-poblacion\/\"\n                          aria-label=\"Gobernador Durazo arranca programa de saneamiento de agua en Nogales para garantizar abasto a la poblaci\u00f3n\">\n                          <img width=\"548\" height=\"365\" src=\"https:\/\/www.sonoraenequipo.com.mx\/storage\/2026\/05\/arranca-programa-de-saneamiento-de-agua-en-Nogales-1-1-548x365.jpg\" class=\"attachment-medium size-medium wp-post-image\" alt=\"arranca programa de saneamiento de agua en Nogales (1)\" srcset=\"https:\/\/www.sonoraenequipo.com.mx\/storage\/2026\/05\/arranca-programa-de-saneamiento-de-agua-en-Nogales-1-1-548x365.jpg 548w, https:\/\/www.sonoraenequipo.com.mx\/storage\/2026\/05\/arranca-programa-de-saneamiento-de-agua-en-Nogales-1-1-721x480.jpg 721w, https:\/\/www.sonoraenequipo.com.mx\/storage\/2026\/05\/arranca-programa-de-saneamiento-de-agua-en-Nogales-1-1-421x280.jpg 421w, https:\/\/www.sonoraenequipo.com.mx\/storage\/2026\/05\/arranca-programa-de-saneamiento-de-agua-en-Nogales-1-1-768x511.jpg 768w, https:\/\/www.sonoraenequipo.com.mx\/storage\/2026\/05\/arranca-programa-de-saneamiento-de-agua-en-Nogales-1-1-1024x682.jpg 1024w, https:\/\/www.sonoraenequipo.com.mx\/storage\/2026\/05\/arranca-programa-de-saneamiento-de-agua-en-Nogales-1-1-272x182.jpg 272w, https:\/\/www.sonoraenequipo.com.mx\/storage\/2026\/05\/arranca-programa-de-saneamiento-de-agua-en-Nogales-1-1.jpg 1200w\" sizes=\"auto, (max-width: 548px) 100vw, 548px\" loading=\"lazy\" decoding=\"async\" \/>                        <\/a>\n\n                      <\/div>\n                    <\/div>\n                                        <div class=\"figure-categories figure-categories-bg\">\n\n                      <ul class=\"cat-links\"><li class=\"meta-category\">\n                             <a class=\"covernews-categories category-color-1\"\n                            href=\"https:\/\/www.sonoraenequipo.com.mx\/elpais\/\" \n                            aria-label=\"Ver todas las publicaciones en Rep\u00fablica\"> \n                                 Rep\u00fablica\n                             <\/a>\n                        <\/li><li class=\"meta-category\">\n                             <a class=\"covernews-categories category-color-1\"\n                            href=\"https:\/\/www.sonoraenequipo.com.mx\/sonora\/\" \n                            aria-label=\"Ver todas las publicaciones en Sonora\"> \n                                 Sonora\n                             <\/a>\n                        <\/li><\/ul>                    <\/div>\n                  <\/figure>\n\n                  <figcaption>\n\n                    <div class=\"title-heading\">\n                      <h3 class=\"article-title article-title-1\">\n                        <a href=\"https:\/\/www.sonoraenequipo.com.mx\/gobernador-durazo-arranca-programa-de-saneamiento-de-agua-en-nogales-para-garantizar-abasto-a-la-poblacion\/\">\n                          Gobernador Durazo arranca programa de saneamiento de agua en Nogales para garantizar abasto a la poblaci\u00f3n                        <\/a>\n                      <\/h3>\n                    <\/div>\n                    <div class=\"grid-item-metadata\">\n                      \n    <span class=\"author-links\">\n\n      \n        <span class=\"item-metadata posts-author\">\n          <i class=\"far fa-user-circle\"><\/i>\n                          <a href=\"https:\/\/www.sonoraenequipo.com.mx\/profile\/admin\/\">\n                    enequipo                <\/a>\n               <\/span>\n                            <span class=\"aft-comment-count\">\n            <a href=\"https:\/\/www.sonoraenequipo.com.mx\/gobernador-durazo-arranca-programa-de-saneamiento-de-agua-en-nogales-para-garantizar-abasto-a-la-poblacion\/\">\n              <i class=\"far fa-comment\"><\/i>\n              <span class=\"aft-show-hover\">\n                0              <\/span>\n            <\/a>\n          <\/span>\n          <\/span>\n                    <\/div>\n                  <\/figcaption>\n                <\/div>\n              <\/figure>\n            <\/div>\n                    <div class=\"slick-item\">\n              <figure class=\"carousel-image col-sm-12\">\n                <div class=\"spotlight-post\" data-mh=\"carousal-height\">\n                  <figure class=\"featured-article  inside-img\">\n                    <div class=\"featured-article-wrapper\">\n                      <div class=\"data-bg-hover data-bg-featured read-bg-img\">\n                        <a href=\"https:\/\/www.sonoraenequipo.com.mx\/gobierno-de-sonora-impulsa-acciones-culturales-en-municipios\/\"\n                          aria-label=\"Gobierno de Sonora impulsa acciones culturales en municipios\">\n                          <img width=\"548\" height=\"365\" src=\"https:\/\/www.sonoraenequipo.com.mx\/storage\/2026\/05\/Gobierno-de-Sonora-impulsa-acciones-culturales-en-municipios-1-548x365.jpg\" class=\"attachment-medium size-medium wp-post-image\" alt=\"Gobierno de Sonora impulsa acciones culturales en municipios (1)\" srcset=\"https:\/\/www.sonoraenequipo.com.mx\/storage\/2026\/05\/Gobierno-de-Sonora-impulsa-acciones-culturales-en-municipios-1-548x365.jpg 548w, https:\/\/www.sonoraenequipo.com.mx\/storage\/2026\/05\/Gobierno-de-Sonora-impulsa-acciones-culturales-en-municipios-1-720x480.jpg 720w, https:\/\/www.sonoraenequipo.com.mx\/storage\/2026\/05\/Gobierno-de-Sonora-impulsa-acciones-culturales-en-municipios-1-420x280.jpg 420w, https:\/\/www.sonoraenequipo.com.mx\/storage\/2026\/05\/Gobierno-de-Sonora-impulsa-acciones-culturales-en-municipios-1-768x512.jpg 768w, https:\/\/www.sonoraenequipo.com.mx\/storage\/2026\/05\/Gobierno-de-Sonora-impulsa-acciones-culturales-en-municipios-1-1024x683.jpg 1024w, https:\/\/www.sonoraenequipo.com.mx\/storage\/2026\/05\/Gobierno-de-Sonora-impulsa-acciones-culturales-en-municipios-1-272x182.jpg 272w, https:\/\/www.sonoraenequipo.com.mx\/storage\/2026\/05\/Gobierno-de-Sonora-impulsa-acciones-culturales-en-municipios-1.jpg 1200w\" sizes=\"auto, (max-width: 548px) 100vw, 548px\" loading=\"lazy\" decoding=\"async\" \/>                        <\/a>\n\n                      <\/div>\n                    <\/div>\n                                        <div class=\"figure-categories figure-categories-bg\">\n\n                      <ul class=\"cat-links\"><li class=\"meta-category\">\n                             <a class=\"covernews-categories category-color-1\"\n                            href=\"https:\/\/www.sonoraenequipo.com.mx\/sonora\/\" \n                            aria-label=\"Ver todas las publicaciones en Sonora\"> \n                                 Sonora\n                             <\/a>\n                        <\/li><\/ul>                    <\/div>\n                  <\/figure>\n\n                  <figcaption>\n\n                    <div class=\"title-heading\">\n                      <h3 class=\"article-title article-title-1\">\n                        <a href=\"https:\/\/www.sonoraenequipo.com.mx\/gobierno-de-sonora-impulsa-acciones-culturales-en-municipios\/\">\n                          Gobierno de Sonora impulsa acciones culturales en municipios                        <\/a>\n                      <\/h3>\n                    <\/div>\n                    <div class=\"grid-item-metadata\">\n                      \n    <span class=\"author-links\">\n\n      \n        <span class=\"item-metadata posts-author\">\n          <i class=\"far fa-user-circle\"><\/i>\n                          <a href=\"https:\/\/www.sonoraenequipo.com.mx\/profile\/admin\/\">\n                    enequipo                <\/a>\n               <\/span>\n                            <span class=\"aft-comment-count\">\n            <a href=\"https:\/\/www.sonoraenequipo.com.mx\/gobierno-de-sonora-impulsa-acciones-culturales-en-municipios\/\">\n              <i class=\"far fa-comment\"><\/i>\n              <span class=\"aft-show-hover\">\n                0              <\/span>\n            <\/a>\n          <\/span>\n          <\/span>\n                    <\/div>\n                  <\/figcaption>\n                <\/div>\n              <\/figure>\n            <\/div>\n                    <div class=\"slick-item\">\n              <figure class=\"carousel-image col-sm-12\">\n                <div class=\"spotlight-post\" data-mh=\"carousal-height\">\n                  <figure class=\"featured-article  inside-img\">\n                    <div class=\"featured-article-wrapper\">\n                      <div class=\"data-bg-hover data-bg-featured read-bg-img\">\n                        <a href=\"https:\/\/www.sonoraenequipo.com.mx\/brindan-clinicas-moviles-atencion-gratuita-en-optometria-y-nutricion-a-todo-sonora\/\"\n                          aria-label=\"Brindan Cl\u00ednicas M\u00f3viles atenci\u00f3n gratuita en optometr\u00eda y nutrici\u00f3n a todo Sonora\">\n                          <img width=\"548\" height=\"365\" src=\"https:\/\/www.sonoraenequipo.com.mx\/storage\/2026\/05\/optometria-548x365.jpg\" class=\"attachment-medium size-medium wp-post-image\" alt=\"optometria\" srcset=\"https:\/\/www.sonoraenequipo.com.mx\/storage\/2026\/05\/optometria-548x365.jpg 548w, https:\/\/www.sonoraenequipo.com.mx\/storage\/2026\/05\/optometria-420x280.jpg 420w, https:\/\/www.sonoraenequipo.com.mx\/storage\/2026\/05\/optometria-272x182.jpg 272w, https:\/\/www.sonoraenequipo.com.mx\/storage\/2026\/05\/optometria.jpg 600w\" sizes=\"auto, (max-width: 548px) 100vw, 548px\" loading=\"lazy\" decoding=\"async\" \/>                        <\/a>\n\n                      <\/div>\n                    <\/div>\n                                        <div class=\"figure-categories figure-categories-bg\">\n\n                      <ul class=\"cat-links\"><li class=\"meta-category\">\n                             <a class=\"covernews-categories category-color-1\"\n                            href=\"https:\/\/www.sonoraenequipo.com.mx\/sonora\/\" \n                            aria-label=\"Ver todas las publicaciones en Sonora\"> \n                                 Sonora\n                             <\/a>\n                        <\/li><\/ul>                    <\/div>\n                  <\/figure>\n\n                  <figcaption>\n\n                    <div class=\"title-heading\">\n                      <h3 class=\"article-title article-title-1\">\n                        <a href=\"https:\/\/www.sonoraenequipo.com.mx\/brindan-clinicas-moviles-atencion-gratuita-en-optometria-y-nutricion-a-todo-sonora\/\">\n                          Brindan Cl\u00ednicas M\u00f3viles atenci\u00f3n gratuita en optometr\u00eda y nutrici\u00f3n a todo Sonora                        <\/a>\n                      <\/h3>\n                    <\/div>\n                    <div class=\"grid-item-metadata\">\n                      \n    <span class=\"author-links\">\n\n      \n        <span class=\"item-metadata posts-author\">\n          <i class=\"far fa-user-circle\"><\/i>\n                          <a href=\"https:\/\/www.sonoraenequipo.com.mx\/profile\/admin\/\">\n                    enequipo                <\/a>\n               <\/span>\n                            <span class=\"aft-comment-count\">\n            <a href=\"https:\/\/www.sonoraenequipo.com.mx\/brindan-clinicas-moviles-atencion-gratuita-en-optometria-y-nutricion-a-todo-sonora\/\">\n              <i class=\"far fa-comment\"><\/i>\n              <span class=\"aft-show-hover\">\n                0              <\/span>\n            <\/a>\n          <\/span>\n          <\/span>\n                    <\/div>\n                  <\/figcaption>\n                <\/div>\n              <\/figure>\n            <\/div>\n                    <div class=\"slick-item\">\n              <figure class=\"carousel-image col-sm-12\">\n                <div class=\"spotlight-post\" data-mh=\"carousal-height\">\n                  <figure class=\"featured-article  inside-img\">\n                    <div class=\"featured-article-wrapper\">\n                      <div class=\"data-bg-hover data-bg-featured read-bg-img\">\n                        <a href=\"https:\/\/www.sonoraenequipo.com.mx\/refuerza-salud-sonora-acciones-contra-el-dengue-tras-lluvias-en-el-estado\/\"\n                          aria-label=\"Refuerza Salud Sonora acciones contra el dengue tras lluvias en el estado\">\n                          <img width=\"548\" height=\"365\" src=\"https:\/\/www.sonoraenequipo.com.mx\/storage\/2026\/05\/dengue-acciones-salud-sonora-548x365.jpg\" class=\"attachment-medium size-medium wp-post-image\" alt=\"dengue acciones salud sonora\" srcset=\"https:\/\/www.sonoraenequipo.com.mx\/storage\/2026\/05\/dengue-acciones-salud-sonora-548x365.jpg 548w, https:\/\/www.sonoraenequipo.com.mx\/storage\/2026\/05\/dengue-acciones-salud-sonora-420x280.jpg 420w, https:\/\/www.sonoraenequipo.com.mx\/storage\/2026\/05\/dengue-acciones-salud-sonora-272x182.jpg 272w, https:\/\/www.sonoraenequipo.com.mx\/storage\/2026\/05\/dengue-acciones-salud-sonora.jpg 600w\" sizes=\"auto, (max-width: 548px) 100vw, 548px\" loading=\"lazy\" decoding=\"async\" \/>                        <\/a>\n\n                      <\/div>\n                    <\/div>\n                                        <div class=\"figure-categories figure-categories-bg\">\n\n                      <ul class=\"cat-links\"><li class=\"meta-category\">\n                             <a class=\"covernews-categories category-color-1\"\n                            href=\"https:\/\/www.sonoraenequipo.com.mx\/sonora\/\" \n                            aria-label=\"Ver todas las publicaciones en Sonora\"> \n                                 Sonora\n                             <\/a>\n                        <\/li><\/ul>                    <\/div>\n                  <\/figure>\n\n                  <figcaption>\n\n                    <div class=\"title-heading\">\n                      <h3 class=\"article-title article-title-1\">\n                        <a href=\"https:\/\/www.sonoraenequipo.com.mx\/refuerza-salud-sonora-acciones-contra-el-dengue-tras-lluvias-en-el-estado\/\">\n                          Refuerza Salud Sonora acciones contra el dengue tras lluvias en el estado                        <\/a>\n                      <\/h3>\n                    <\/div>\n                    <div class=\"grid-item-metadata\">\n                      \n    <span class=\"author-links\">\n\n      \n        <span class=\"item-metadata posts-author\">\n          <i class=\"far fa-user-circle\"><\/i>\n                          <a href=\"https:\/\/www.sonoraenequipo.com.mx\/profile\/admin\/\">\n                    enequipo                <\/a>\n               <\/span>\n                            <span class=\"aft-comment-count\">\n            <a href=\"https:\/\/www.sonoraenequipo.com.mx\/refuerza-salud-sonora-acciones-contra-el-dengue-tras-lluvias-en-el-estado\/\">\n              <i class=\"far fa-comment\"><\/i>\n              <span class=\"aft-show-hover\">\n                0              <\/span>\n            <\/a>\n          <\/span>\n          <\/span>\n                    <\/div>\n                  <\/figcaption>\n                <\/div>\n              <\/figure>\n            <\/div>\n                    <div class=\"slick-item\">\n              <figure class=\"carousel-image col-sm-12\">\n                <div class=\"spotlight-post\" data-mh=\"carousal-height\">\n                  <figure class=\"featured-article  inside-img\">\n                    <div class=\"featured-article-wrapper\">\n                      <div class=\"data-bg-hover data-bg-featured read-bg-img\">\n                        <a href=\"https:\/\/www.sonoraenequipo.com.mx\/icatson-imparte-programa-english-for-international-freight-drivers-a-operadores-de-servicio-de-carga\/\"\n                          aria-label=\"Icatson imparte programa \u201cEnglish for International Freight Drivers\u201d a operadores de servicio de carga\">\n                          <img width=\"548\" height=\"365\" src=\"https:\/\/www.sonoraenequipo.com.mx\/storage\/2026\/05\/ingles-choferes-de-carga-548x365.jpg\" class=\"attachment-medium size-medium wp-post-image\" alt=\"ingles choferes de carga\" srcset=\"https:\/\/www.sonoraenequipo.com.mx\/storage\/2026\/05\/ingles-choferes-de-carga-548x365.jpg 548w, https:\/\/www.sonoraenequipo.com.mx\/storage\/2026\/05\/ingles-choferes-de-carga-420x280.jpg 420w, https:\/\/www.sonoraenequipo.com.mx\/storage\/2026\/05\/ingles-choferes-de-carga-272x182.jpg 272w, https:\/\/www.sonoraenequipo.com.mx\/storage\/2026\/05\/ingles-choferes-de-carga.jpg 600w\" sizes=\"auto, (max-width: 548px) 100vw, 548px\" loading=\"lazy\" decoding=\"async\" \/>                        <\/a>\n\n                      <\/div>\n                    <\/div>\n                                        <div class=\"figure-categories figure-categories-bg\">\n\n                      <ul class=\"cat-links\"><li class=\"meta-category\">\n                             <a class=\"covernews-categories category-color-1\"\n                            href=\"https:\/\/www.sonoraenequipo.com.mx\/sonora\/\" \n                            aria-label=\"Ver todas las publicaciones en Sonora\"> \n                                 Sonora\n                             <\/a>\n                        <\/li><\/ul>                    <\/div>\n                  <\/figure>\n\n                  <figcaption>\n\n                    <div class=\"title-heading\">\n                      <h3 class=\"article-title article-title-1\">\n                        <a href=\"https:\/\/www.sonoraenequipo.com.mx\/icatson-imparte-programa-english-for-international-freight-drivers-a-operadores-de-servicio-de-carga\/\">\n                          Icatson imparte programa \u201cEnglish for International Freight Drivers\u201d a operadores de servicio de carga                        <\/a>\n                      <\/h3>\n                    <\/div>\n                    <div class=\"grid-item-metadata\">\n                      \n    <span class=\"author-links\">\n\n      \n        <span class=\"item-metadata posts-author\">\n          <i class=\"far fa-user-circle\"><\/i>\n                          <a href=\"https:\/\/www.sonoraenequipo.com.mx\/profile\/admin\/\">\n                    enequipo                <\/a>\n               <\/span>\n                            <span class=\"aft-comment-count\">\n            <a href=\"https:\/\/www.sonoraenequipo.com.mx\/icatson-imparte-programa-english-for-international-freight-drivers-a-operadores-de-servicio-de-carga\/\">\n              <i class=\"far fa-comment\"><\/i>\n              <span class=\"aft-show-hover\">\n                0              <\/span>\n            <\/a>\n          <\/span>\n          <\/span>\n                    <\/div>\n                  <\/figcaption>\n                <\/div>\n              <\/figure>\n            <\/div>\n              <\/div>\n\n<\/div><\/div><\/div><div id=\"pg-97290-3\"  class=\"panel-grid panel-no-style\" ><div id=\"pgc-97290-3-0\"  class=\"panel-grid-cell panel-grid-cell-empty\" ><\/div><\/div><div id=\"pg-97290-4\"  class=\"panel-grid panel-no-style\" ><div id=\"pgc-97290-4-0\"  class=\"panel-grid-cell\" ><div id=\"panel-97290-4-0-0\" class=\"so-panel widget widget_media_video panel-first-child panel-last-child\" data-index=\"2\" ><div style=\"width:100%;\" class=\"wp-video\"><video class=\"wp-video-shortcode\" id=\"video-240978-2\" preload=\"metadata\" controls=\"controls\"><source type=\"video\/youtube\" src=\"https:\/\/www.youtube.com\/watch?v=7mdJCS4Naus&#038;_=2\" \/><a href=\"https:\/\/www.youtube.com\/watch?v=7mdJCS4Naus\">https:\/\/www.youtube.com\/watch?v=7mdJCS4Naus<\/a><\/video><\/div><\/div><\/div><\/div><div id=\"pg-97290-5\"  class=\"panel-grid panel-no-style\" ><div id=\"pgc-97290-5-0\"  class=\"panel-grid-cell\" ><div id=\"panel-97290-5-0-0\" class=\"so-panel widget widget_covernews_posts_slider covernews_posts_slider_widget panel-first-child panel-last-child\" data-index=\"3\" >              <div class=\"em-title-subtitle-wrap\">\n              <h2 class=\"widget-title header-after1\">\n      <span class=\"header-after \">\n                REP\u00daBLICA      <\/span>\n    <\/h2>\n        <\/div>\n                  <div class=\"posts-slider\">\n                    <figure class=\"slick-item\">\n\n              <div class=\"data-bg-hover data-widget-slide read-bg-img\">\n                <a href=\"https:\/\/www.sonoraenequipo.com.mx\/llama-sheinbaum-a-la-unidad-ante-el-embate-exterior\/\"\n                  aria-label=\"Llama Sheinbaum a la unidad ante el \u201cembate exterior\u201d\">\n                  <img width=\"640\" height=\"395\" src=\"https:\/\/www.sonoraenequipo.com.mx\/storage\/2026\/05\/claudia-sheinbaum-pardo-1-778x480.jpg\" class=\"attachment-large size-large wp-post-image\" alt=\"claudia sheinbaum pardo (1)\" srcset=\"https:\/\/www.sonoraenequipo.com.mx\/storage\/2026\/05\/claudia-sheinbaum-pardo-1-778x480.jpg 778w, https:\/\/www.sonoraenequipo.com.mx\/storage\/2026\/05\/claudia-sheinbaum-pardo-1-592x365.jpg 592w, https:\/\/www.sonoraenequipo.com.mx\/storage\/2026\/05\/claudia-sheinbaum-pardo-1-454x280.jpg 454w, https:\/\/www.sonoraenequipo.com.mx\/storage\/2026\/05\/claudia-sheinbaum-pardo-1-768x474.jpg 768w, https:\/\/www.sonoraenequipo.com.mx\/storage\/2026\/05\/claudia-sheinbaum-pardo-1.jpg 1000w\" sizes=\"auto, (max-width: 640px) 100vw, 640px\" loading=\"lazy\" decoding=\"async\" \/>                <\/a>\n                                <figcaption class=\"slider-figcaption slider-figcaption-1\">\n\n                  <div class=\"figure-categories figure-categories-bg\">\n\n                    <ul class=\"cat-links\"><li class=\"meta-category\">\n                             <a class=\"covernews-categories category-color-1\"\n                            href=\"https:\/\/www.sonoraenequipo.com.mx\/elpais\/\" \n                            aria-label=\"Ver todas las publicaciones en Rep\u00fablica\"> \n                                 Rep\u00fablica\n                             <\/a>\n                        <\/li><\/ul>                  <\/div>\n                  <h2 class=\"slide-title\">\n                    <a href=\"https:\/\/www.sonoraenequipo.com.mx\/llama-sheinbaum-a-la-unidad-ante-el-embate-exterior\/\">Llama Sheinbaum a la unidad ante el \u201cembate exterior\u201d<\/a>\n                  <\/h2>\n\n                  <div class=\"grid-item-metadata grid-item-metadata-1\">\n                    \n    <span class=\"author-links\">\n\n      \n        <span class=\"item-metadata posts-author\">\n          <i class=\"far fa-user-circle\"><\/i>\n                          <a href=\"https:\/\/www.sonoraenequipo.com.mx\/profile\/admin\/\">\n                    enequipo                <\/a>\n               <\/span>\n                            <span class=\"aft-comment-count\">\n            <a href=\"https:\/\/www.sonoraenequipo.com.mx\/llama-sheinbaum-a-la-unidad-ante-el-embate-exterior\/\">\n              <i class=\"far fa-comment\"><\/i>\n              <span class=\"aft-show-hover\">\n                0              <\/span>\n            <\/a>\n          <\/span>\n          <\/span>\n                  <\/div>\n                                      <div class=\"full-item-discription\">\n                      <div class=\"post-description\">\n                                                                                                <\/div>\n                    <\/div>\n                                  <\/figcaption>\n              <\/div>\n            <\/figure>\n                    <figure class=\"slick-item\">\n\n              <div class=\"data-bg-hover data-widget-slide read-bg-img\">\n                <a href=\"https:\/\/www.sonoraenequipo.com.mx\/calendario-tentativo-para-pago-de-apoyos-bienestar-bimestre-mayo-junio\/\"\n                  aria-label=\"Calendario tentativo para pago de apoyos bienestar bimestre mayo junio\">\n                  <img width=\"640\" height=\"438\" src=\"https:\/\/www.sonoraenequipo.com.mx\/storage\/2026\/03\/calendario-pagos-pension-bienestar-702x480.jpg\" class=\"attachment-large size-large wp-post-image\" alt=\"calendario-pagos-pension-bienestar\" srcset=\"https:\/\/www.sonoraenequipo.com.mx\/storage\/2026\/03\/calendario-pagos-pension-bienestar-702x480.jpg 702w, https:\/\/www.sonoraenequipo.com.mx\/storage\/2026\/03\/calendario-pagos-pension-bienestar-534x365.jpg 534w, https:\/\/www.sonoraenequipo.com.mx\/storage\/2026\/03\/calendario-pagos-pension-bienestar-409x280.jpg 409w, https:\/\/www.sonoraenequipo.com.mx\/storage\/2026\/03\/calendario-pagos-pension-bienestar-768x525.jpg 768w, https:\/\/www.sonoraenequipo.com.mx\/storage\/2026\/03\/calendario-pagos-pension-bienestar.jpg 1000w\" sizes=\"auto, (max-width: 640px) 100vw, 640px\" loading=\"lazy\" decoding=\"async\" \/>                <\/a>\n                                <figcaption class=\"slider-figcaption slider-figcaption-1\">\n\n                  <div class=\"figure-categories figure-categories-bg\">\n\n                    <ul class=\"cat-links\"><li class=\"meta-category\">\n                             <a class=\"covernews-categories category-color-1\"\n                            href=\"https:\/\/www.sonoraenequipo.com.mx\/elpais\/\" \n                            aria-label=\"Ver todas las publicaciones en Rep\u00fablica\"> \n                                 Rep\u00fablica\n                             <\/a>\n                        <\/li><\/ul>                  <\/div>\n                  <h2 class=\"slide-title\">\n                    <a href=\"https:\/\/www.sonoraenequipo.com.mx\/calendario-tentativo-para-pago-de-apoyos-bienestar-bimestre-mayo-junio\/\">Calendario tentativo para pago de apoyos bienestar bimestre mayo junio<\/a>\n                  <\/h2>\n\n                  <div class=\"grid-item-metadata grid-item-metadata-1\">\n                    \n    <span class=\"author-links\">\n\n      \n        <span class=\"item-metadata posts-author\">\n          <i class=\"far fa-user-circle\"><\/i>\n                          <a href=\"https:\/\/www.sonoraenequipo.com.mx\/profile\/admin\/\">\n                    enequipo                <\/a>\n               <\/span>\n                            <span class=\"aft-comment-count\">\n            <a href=\"https:\/\/www.sonoraenequipo.com.mx\/calendario-tentativo-para-pago-de-apoyos-bienestar-bimestre-mayo-junio\/\">\n              <i class=\"far fa-comment\"><\/i>\n              <span class=\"aft-show-hover\">\n                0              <\/span>\n            <\/a>\n          <\/span>\n          <\/span>\n                  <\/div>\n                                      <div class=\"full-item-discription\">\n                      <div class=\"post-description\">\n                                                                                                <\/div>\n                    <\/div>\n                                  <\/figcaption>\n              <\/div>\n            <\/figure>\n                    <figure class=\"slick-item\">\n\n              <div class=\"data-bg-hover data-widget-slide read-bg-img\">\n                <a href=\"https:\/\/www.sonoraenequipo.com.mx\/mundial-2026-en-cdmx-publican-reglas-para-el-fifa-fan-fest\/\"\n                  aria-label=\"Mundial 2026 en CDMX: publican reglas para el FIFA Fan Fest\">\n                  <img width=\"640\" height=\"360\" src=\"https:\/\/www.sonoraenequipo.com.mx\/storage\/2026\/05\/Mundial.-publican-reglasa-para-el-fifa-1-840x472.jpg\" class=\"attachment-large size-large wp-post-image\" alt=\"Mundial. publican reglasa para el fifa (1)\" srcset=\"https:\/\/www.sonoraenequipo.com.mx\/storage\/2026\/05\/Mundial.-publican-reglasa-para-el-fifa-1-840x472.jpg 840w, https:\/\/www.sonoraenequipo.com.mx\/storage\/2026\/05\/Mundial.-publican-reglasa-para-el-fifa-1-649x365.jpg 649w, https:\/\/www.sonoraenequipo.com.mx\/storage\/2026\/05\/Mundial.-publican-reglasa-para-el-fifa-1-498x280.jpg 498w, https:\/\/www.sonoraenequipo.com.mx\/storage\/2026\/05\/Mundial.-publican-reglasa-para-el-fifa-1-768x432.jpg 768w, https:\/\/www.sonoraenequipo.com.mx\/storage\/2026\/05\/Mundial.-publican-reglasa-para-el-fifa-1.jpg 1000w\" sizes=\"auto, (max-width: 640px) 100vw, 640px\" loading=\"lazy\" decoding=\"async\" \/>                <\/a>\n                                <figcaption class=\"slider-figcaption slider-figcaption-1\">\n\n                  <div class=\"figure-categories figure-categories-bg\">\n\n                    <ul class=\"cat-links\"><li class=\"meta-category\">\n                             <a class=\"covernews-categories category-color-1\"\n                            href=\"https:\/\/www.sonoraenequipo.com.mx\/deportes\/\" \n                            aria-label=\"Ver todas las publicaciones en Deportes\"> \n                                 Deportes\n                             <\/a>\n                        <\/li><li class=\"meta-category\">\n                             <a class=\"covernews-categories category-color-1\"\n                            href=\"https:\/\/www.sonoraenequipo.com.mx\/elpais\/\" \n                            aria-label=\"Ver todas las publicaciones en Rep\u00fablica\"> \n                                 Rep\u00fablica\n                             <\/a>\n                        <\/li><\/ul>                  <\/div>\n                  <h2 class=\"slide-title\">\n                    <a href=\"https:\/\/www.sonoraenequipo.com.mx\/mundial-2026-en-cdmx-publican-reglas-para-el-fifa-fan-fest\/\">Mundial 2026 en CDMX: publican reglas para el FIFA Fan Fest<\/a>\n                  <\/h2>\n\n                  <div class=\"grid-item-metadata grid-item-metadata-1\">\n                    \n    <span class=\"author-links\">\n\n      \n        <span class=\"item-metadata posts-author\">\n          <i class=\"far fa-user-circle\"><\/i>\n                          <a href=\"https:\/\/www.sonoraenequipo.com.mx\/profile\/admin\/\">\n                    enequipo                <\/a>\n               <\/span>\n                            <span class=\"aft-comment-count\">\n            <a href=\"https:\/\/www.sonoraenequipo.com.mx\/mundial-2026-en-cdmx-publican-reglas-para-el-fifa-fan-fest\/\">\n              <i class=\"far fa-comment\"><\/i>\n              <span class=\"aft-show-hover\">\n                0              <\/span>\n            <\/a>\n          <\/span>\n          <\/span>\n                  <\/div>\n                                      <div class=\"full-item-discription\">\n                      <div class=\"post-description\">\n                                                                                                <\/div>\n                    <\/div>\n                                  <\/figcaption>\n              <\/div>\n            <\/figure>\n                    <figure class=\"slick-item\">\n\n              <div class=\"data-bg-hover data-widget-slide read-bg-img\">\n                <a href=\"https:\/\/www.sonoraenequipo.com.mx\/sep-analiza-adelantar-el-fin-de-ciclo-escolar-por-mundial-y-calor\/\"\n                  aria-label=\"SEP analiza adelantar el fin de ciclo escolar por Mundial y calor\">\n                  <img width=\"640\" height=\"359\" src=\"https:\/\/www.sonoraenequipo.com.mx\/storage\/2026\/05\/quieren-adelantar-la-salida-del-ciclo-escolar-por-mundial-y-calor-1-840x471.jpg\" class=\"attachment-large size-large wp-post-image\" alt=\"quieren adelantar la salida del ciclo escolar por mundial y calor (1)\" srcset=\"https:\/\/www.sonoraenequipo.com.mx\/storage\/2026\/05\/quieren-adelantar-la-salida-del-ciclo-escolar-por-mundial-y-calor-1-840x471.jpg 840w, https:\/\/www.sonoraenequipo.com.mx\/storage\/2026\/05\/quieren-adelantar-la-salida-del-ciclo-escolar-por-mundial-y-calor-1-651x365.jpg 651w, https:\/\/www.sonoraenequipo.com.mx\/storage\/2026\/05\/quieren-adelantar-la-salida-del-ciclo-escolar-por-mundial-y-calor-1-500x280.jpg 500w, https:\/\/www.sonoraenequipo.com.mx\/storage\/2026\/05\/quieren-adelantar-la-salida-del-ciclo-escolar-por-mundial-y-calor-1-768x431.jpg 768w, https:\/\/www.sonoraenequipo.com.mx\/storage\/2026\/05\/quieren-adelantar-la-salida-del-ciclo-escolar-por-mundial-y-calor-1.jpg 1000w\" sizes=\"auto, (max-width: 640px) 100vw, 640px\" loading=\"lazy\" decoding=\"async\" \/>                <\/a>\n                                <figcaption class=\"slider-figcaption slider-figcaption-1\">\n\n                  <div class=\"figure-categories figure-categories-bg\">\n\n                    <ul class=\"cat-links\"><li class=\"meta-category\">\n                             <a class=\"covernews-categories category-color-1\"\n                            href=\"https:\/\/www.sonoraenequipo.com.mx\/elpais\/\" \n                            aria-label=\"Ver todas las publicaciones en Rep\u00fablica\"> \n                                 Rep\u00fablica\n                             <\/a>\n                        <\/li><\/ul>                  <\/div>\n                  <h2 class=\"slide-title\">\n                    <a href=\"https:\/\/www.sonoraenequipo.com.mx\/sep-analiza-adelantar-el-fin-de-ciclo-escolar-por-mundial-y-calor\/\">SEP analiza adelantar el fin de ciclo escolar por Mundial y calor<\/a>\n                  <\/h2>\n\n                  <div class=\"grid-item-metadata grid-item-metadata-1\">\n                    \n    <span class=\"author-links\">\n\n      \n        <span class=\"item-metadata posts-author\">\n          <i class=\"far fa-user-circle\"><\/i>\n                          <a href=\"https:\/\/www.sonoraenequipo.com.mx\/profile\/admin\/\">\n                    enequipo                <\/a>\n               <\/span>\n                            <span class=\"aft-comment-count\">\n            <a href=\"https:\/\/www.sonoraenequipo.com.mx\/sep-analiza-adelantar-el-fin-de-ciclo-escolar-por-mundial-y-calor\/\">\n              <i class=\"far fa-comment\"><\/i>\n              <span class=\"aft-show-hover\">\n                0              <\/span>\n            <\/a>\n          <\/span>\n          <\/span>\n                  <\/div>\n                                      <div class=\"full-item-discription\">\n                      <div class=\"post-description\">\n                                                                                                <\/div>\n                    <\/div>\n                                  <\/figcaption>\n              <\/div>\n            <\/figure>\n                    <figure class=\"slick-item\">\n\n              <div class=\"data-bg-hover data-widget-slide read-bg-img\">\n                <a href=\"https:\/\/www.sonoraenequipo.com.mx\/congreso-de-sinaloa-designa-a-yeraldine-bonilla-valverde-como-gobernadora-interina\/\"\n                  aria-label=\"Congreso de Sinaloa designa a Yeraldine Bonilla Valverde como gobernadora interina\">\n                  <img width=\"640\" height=\"367\" src=\"https:\/\/www.sonoraenequipo.com.mx\/storage\/2026\/05\/Yeraldine-Bonilla-es-la-nueva-Gobernadora-interina-de-Sinaloa-1-836x480.jpg\" class=\"attachment-large size-large wp-post-image\" alt=\"Yeraldine Bonilla es la nueva Gobernadora interina de Sinaloa\" srcset=\"https:\/\/www.sonoraenequipo.com.mx\/storage\/2026\/05\/Yeraldine-Bonilla-es-la-nueva-Gobernadora-interina-de-Sinaloa-1-836x480.jpg 836w, https:\/\/www.sonoraenequipo.com.mx\/storage\/2026\/05\/Yeraldine-Bonilla-es-la-nueva-Gobernadora-interina-de-Sinaloa-1-636x365.jpg 636w, https:\/\/www.sonoraenequipo.com.mx\/storage\/2026\/05\/Yeraldine-Bonilla-es-la-nueva-Gobernadora-interina-de-Sinaloa-1-488x280.jpg 488w, https:\/\/www.sonoraenequipo.com.mx\/storage\/2026\/05\/Yeraldine-Bonilla-es-la-nueva-Gobernadora-interina-de-Sinaloa-1-768x441.jpg 768w, https:\/\/www.sonoraenequipo.com.mx\/storage\/2026\/05\/Yeraldine-Bonilla-es-la-nueva-Gobernadora-interina-de-Sinaloa-1.jpg 1000w\" sizes=\"auto, (max-width: 640px) 100vw, 640px\" loading=\"lazy\" decoding=\"async\" \/>                <\/a>\n                                <figcaption class=\"slider-figcaption slider-figcaption-1\">\n\n                  <div class=\"figure-categories figure-categories-bg\">\n\n                    <ul class=\"cat-links\"><li class=\"meta-category\">\n                             <a class=\"covernews-categories category-color-1\"\n                            href=\"https:\/\/www.sonoraenequipo.com.mx\/elpais\/\" \n                            aria-label=\"Ver todas las publicaciones en Rep\u00fablica\"> \n                                 Rep\u00fablica\n                             <\/a>\n                        <\/li><\/ul>                  <\/div>\n                  <h2 class=\"slide-title\">\n                    <a href=\"https:\/\/www.sonoraenequipo.com.mx\/congreso-de-sinaloa-designa-a-yeraldine-bonilla-valverde-como-gobernadora-interina\/\">Congreso de Sinaloa designa a Yeraldine Bonilla Valverde como gobernadora interina<\/a>\n                  <\/h2>\n\n                  <div class=\"grid-item-metadata grid-item-metadata-1\">\n                    \n    <span class=\"author-links\">\n\n      \n        <span class=\"item-metadata posts-author\">\n          <i class=\"far fa-user-circle\"><\/i>\n                          <a href=\"https:\/\/www.sonoraenequipo.com.mx\/profile\/admin\/\">\n                    enequipo                <\/a>\n               <\/span>\n                            <span class=\"aft-comment-count\">\n            <a href=\"https:\/\/www.sonoraenequipo.com.mx\/congreso-de-sinaloa-designa-a-yeraldine-bonilla-valverde-como-gobernadora-interina\/\">\n              <i class=\"far fa-comment\"><\/i>\n              <span class=\"aft-show-hover\">\n                0              <\/span>\n            <\/a>\n          <\/span>\n          <\/span>\n                  <\/div>\n                                      <div class=\"full-item-discription\">\n                      <div class=\"post-description\">\n                                                                                                <\/div>\n                    <\/div>\n                                  <\/figcaption>\n              <\/div>\n            <\/figure>\n              <\/div>\n\n<\/div><\/div><\/div><div id=\"pg-97290-6\"  class=\"panel-grid panel-no-style\" ><div id=\"pgc-97290-6-0\"  class=\"panel-grid-cell\" ><div id=\"panel-97290-6-0-0\" class=\"so-panel widget widget_sow-slider panel-first-child panel-last-child\" data-index=\"4\" ><div\n\t\t\t\n\t\t\tclass=\"so-widget-sow-slider so-widget-sow-slider-default-6d39609536fd-241076\"\n\t\t\t\n\t\t>\t\t\t\t<div class=\"sow-slider-base\" style=\"display: none\" tabindex=\"0\">\n\t\t\t\t\t<ul\n\t\t\t\t\tclass=\"sow-slider-images\"\n\t\t\t\t\tdata-settings=\"{&quot;pagination&quot;:true,&quot;speed&quot;:800,&quot;timeout&quot;:8000,&quot;paused&quot;:false,&quot;pause_on_hover&quot;:false,&quot;swipe&quot;:true,&quot;nav_always_show_desktop&quot;:&quot;&quot;,&quot;nav_always_show_mobile&quot;:&quot;&quot;,&quot;breakpoint&quot;:&quot;780px&quot;,&quot;unmute&quot;:false,&quot;anchor&quot;:null}\"\n\t\t\t\t\t\t\t\t\t\tdata-anchor-id=\"\"\n\t\t\t\t><\/ul>\t\t\t\t<ol class=\"sow-slider-pagination\">\n\t\t\t\t\t\t\t\t\t<\/ol>\n\n\t\t\t\t<div class=\"sow-slide-nav sow-slide-nav-next\">\n\t\t\t\t\t<a href=\"#\" data-goto=\"next\" aria-label=\"diapositiva siguiente\" data-action=\"next\">\n\t\t\t\t\t\t<em class=\"sow-sld-icon-thin-right\"><\/em>\n\t\t\t\t\t<\/a>\n\t\t\t\t<\/div>\n\n\t\t\t\t<div class=\"sow-slide-nav sow-slide-nav-prev\">\n\t\t\t\t\t<a href=\"#\" data-goto=\"previous\" aria-label=\"diapositiva anterior\" data-action=\"prev\">\n\t\t\t\t\t\t<em class=\"sow-sld-icon-thin-left\"><\/em>\n\t\t\t\t\t<\/a>\n\t\t\t\t<\/div>\n\t\t\t\t<\/div><\/div><\/div><\/div><\/div><div id=\"pg-97290-7\"  class=\"panel-grid panel-no-style\" ><div id=\"pgc-97290-7-0\"  class=\"panel-grid-cell\" ><div id=\"panel-97290-7-0-0\" class=\"so-panel widget widget_covernews_posts_carousel covernews_posts_carousel_widget grid-layout panel-first-child panel-last-child\" data-index=\"5\" >              <div class=\"em-title-subtitle-wrap\">\n              <h2 class=\"widget-title header-after1\">\n      <span class=\"header-after \">\n                EL PLANETA      <\/span>\n    <\/h2>\n        <\/div>\n                  <div class=\"posts-carousel row\">\n                    <div class=\"slick-item\">\n              <figure class=\"carousel-image col-sm-12\">\n                <div class=\"spotlight-post\" data-mh=\"carousal-height\">\n                  <figure class=\"featured-article  inside-img\">\n                    <div class=\"featured-article-wrapper\">\n                      <div class=\"data-bg-hover data-bg-featured read-bg-img\">\n                        <a href=\"https:\/\/www.sonoraenequipo.com.mx\/fiscalia-de-eu-libera-una-extensa-acusacion-contra-ruben-rocha\/\"\n                          aria-label=\"Fiscal\u00eda de EU libera una extensa acusaci\u00f3n contra Rub\u00e9n Rocha\">\n                          <img width=\"548\" height=\"365\" src=\"https:\/\/www.sonoraenequipo.com.mx\/storage\/2026\/05\/indagatoria-a-rocha-548x365.jpg\" class=\"attachment-medium size-medium wp-post-image\" alt=\"indagatoria-a-rocha\" srcset=\"https:\/\/www.sonoraenequipo.com.mx\/storage\/2026\/05\/indagatoria-a-rocha-548x365.jpg 548w, https:\/\/www.sonoraenequipo.com.mx\/storage\/2026\/05\/indagatoria-a-rocha-721x480.jpg 721w, https:\/\/www.sonoraenequipo.com.mx\/storage\/2026\/05\/indagatoria-a-rocha-420x280.jpg 420w, https:\/\/www.sonoraenequipo.com.mx\/storage\/2026\/05\/indagatoria-a-rocha-768x511.jpg 768w, https:\/\/www.sonoraenequipo.com.mx\/storage\/2026\/05\/indagatoria-a-rocha-272x182.jpg 272w, https:\/\/www.sonoraenequipo.com.mx\/storage\/2026\/05\/indagatoria-a-rocha.jpg 1000w\" sizes=\"auto, (max-width: 548px) 100vw, 548px\" loading=\"lazy\" decoding=\"async\" \/>                        <\/a>\n\n                      <\/div>\n                    <\/div>\n                                        <div class=\"figure-categories figure-categories-bg\">\n\n                      <ul class=\"cat-links\"><li class=\"meta-category\">\n                             <a class=\"covernews-categories category-color-1\"\n                            href=\"https:\/\/www.sonoraenequipo.com.mx\/mundo\/\" \n                            aria-label=\"Ver todas las publicaciones en MUNDO\"> \n                                 MUNDO\n                             <\/a>\n                        <\/li><\/ul>                    <\/div>\n                  <\/figure>\n\n                  <figcaption>\n\n                    <div class=\"title-heading\">\n                      <h3 class=\"article-title article-title-1\">\n                        <a href=\"https:\/\/www.sonoraenequipo.com.mx\/fiscalia-de-eu-libera-una-extensa-acusacion-contra-ruben-rocha\/\">\n                          Fiscal\u00eda de EU libera una extensa acusaci\u00f3n contra Rub\u00e9n Rocha                        <\/a>\n                      <\/h3>\n                    <\/div>\n                    <div class=\"grid-item-metadata\">\n                      \n    <span class=\"author-links\">\n\n      \n        <span class=\"item-metadata posts-author\">\n          <i class=\"far fa-user-circle\"><\/i>\n                          <a href=\"https:\/\/www.sonoraenequipo.com.mx\/profile\/admin\/\">\n                    enequipo                <\/a>\n               <\/span>\n                            <span class=\"aft-comment-count\">\n            <a href=\"https:\/\/www.sonoraenequipo.com.mx\/fiscalia-de-eu-libera-una-extensa-acusacion-contra-ruben-rocha\/\">\n              <i class=\"far fa-comment\"><\/i>\n              <span class=\"aft-show-hover\">\n                0              <\/span>\n            <\/a>\n          <\/span>\n          <\/span>\n                    <\/div>\n                  <\/figcaption>\n                <\/div>\n              <\/figure>\n            <\/div>\n                    <div class=\"slick-item\">\n              <figure class=\"carousel-image col-sm-12\">\n                <div class=\"spotlight-post\" data-mh=\"carousal-height\">\n                  <figure class=\"featured-article  inside-img\">\n                    <div class=\"featured-article-wrapper\">\n                      <div class=\"data-bg-hover data-bg-featured read-bg-img\">\n                        <a href=\"https:\/\/www.sonoraenequipo.com.mx\/anuncian-varios-paises-su-salida-de-eurovision-2026-por-participacion-de-israel\/\"\n                          aria-label=\"Anuncian varios pa\u00edses su salida de Eurovisi\u00f3n 2026 por participaci\u00f3n de Israel\">\n                          <img width=\"557\" height=\"365\" src=\"https:\/\/www.sonoraenequipo.com.mx\/storage\/2026\/05\/70-edicion-de-Eurovision-en-Viena-Austria-557x365.jpg\" class=\"attachment-medium size-medium wp-post-image\" alt=\"70 edici\u00f3n de Eurovisi\u00f3n en Viena, Austria,\" srcset=\"https:\/\/www.sonoraenequipo.com.mx\/storage\/2026\/05\/70-edicion-de-Eurovision-en-Viena-Austria-557x365.jpg 557w, https:\/\/www.sonoraenequipo.com.mx\/storage\/2026\/05\/70-edicion-de-Eurovision-en-Viena-Austria-733x480.jpg 733w, https:\/\/www.sonoraenequipo.com.mx\/storage\/2026\/05\/70-edicion-de-Eurovision-en-Viena-Austria-427x280.jpg 427w, https:\/\/www.sonoraenequipo.com.mx\/storage\/2026\/05\/70-edicion-de-Eurovision-en-Viena-Austria-768x503.jpg 768w, https:\/\/www.sonoraenequipo.com.mx\/storage\/2026\/05\/70-edicion-de-Eurovision-en-Viena-Austria.jpg 1000w\" sizes=\"auto, (max-width: 557px) 100vw, 557px\" loading=\"lazy\" decoding=\"async\" \/>                        <\/a>\n\n                      <\/div>\n                    <\/div>\n                                        <div class=\"figure-categories figure-categories-bg\">\n\n                      <ul class=\"cat-links\"><li class=\"meta-category\">\n                             <a class=\"covernews-categories category-color-1\"\n                            href=\"https:\/\/www.sonoraenequipo.com.mx\/mundo\/\" \n                            aria-label=\"Ver todas las publicaciones en MUNDO\"> \n                                 MUNDO\n                             <\/a>\n                        <\/li><li class=\"meta-category\">\n                             <a class=\"covernews-categories category-color-1\"\n                            href=\"https:\/\/www.sonoraenequipo.com.mx\/showbiz\/\" \n                            aria-label=\"Ver todas las publicaciones en Showbiz\"> \n                                 Showbiz\n                             <\/a>\n                        <\/li><\/ul>                    <\/div>\n                  <\/figure>\n\n                  <figcaption>\n\n                    <div class=\"title-heading\">\n                      <h3 class=\"article-title article-title-1\">\n                        <a href=\"https:\/\/www.sonoraenequipo.com.mx\/anuncian-varios-paises-su-salida-de-eurovision-2026-por-participacion-de-israel\/\">\n                          Anuncian varios pa\u00edses su salida de Eurovisi\u00f3n 2026 por participaci\u00f3n de Israel                        <\/a>\n                      <\/h3>\n                    <\/div>\n                    <div class=\"grid-item-metadata\">\n                      \n    <span class=\"author-links\">\n\n      \n        <span class=\"item-metadata posts-author\">\n          <i class=\"far fa-user-circle\"><\/i>\n                          <a href=\"https:\/\/www.sonoraenequipo.com.mx\/profile\/admin\/\">\n                    enequipo                <\/a>\n               <\/span>\n                            <span class=\"aft-comment-count\">\n            <a href=\"https:\/\/www.sonoraenequipo.com.mx\/anuncian-varios-paises-su-salida-de-eurovision-2026-por-participacion-de-israel\/\">\n              <i class=\"far fa-comment\"><\/i>\n              <span class=\"aft-show-hover\">\n                0              <\/span>\n            <\/a>\n          <\/span>\n          <\/span>\n                    <\/div>\n                  <\/figcaption>\n                <\/div>\n              <\/figure>\n            <\/div>\n                    <div class=\"slick-item\">\n              <figure class=\"carousel-image col-sm-12\">\n                <div class=\"spotlight-post\" data-mh=\"carousal-height\">\n                  <figure class=\"featured-article  inside-img\">\n                    <div class=\"featured-article-wrapper\">\n                      <div class=\"data-bg-hover data-bg-featured read-bg-img\">\n                        <a href=\"https:\/\/www.sonoraenequipo.com.mx\/casa-blanca-declara-terminada-la-guerra-contra-iran-al-vencer-plazo-legal\/\"\n                          aria-label=\"Casa Blanca declara \u201cterminada\u201d la guerra contra Ir\u00e1n al vencer plazo legal.\">\n                          <img width=\"680\" height=\"340\" src=\"https:\/\/www.sonoraenequipo.com.mx\/storage\/2026\/05\/Casa-Blanca-declara-terminada-la-guerra-contra-Iran-al-vencer-plazo-legal-crece-polemica-en-EU-680x340.jpg\" class=\"attachment-medium size-medium wp-post-image\" alt=\"Casa Blanca declara terminada la guerra contra Ir\u00e1n al vencer plazo legal; crece pol\u00e9mica en EU\" srcset=\"https:\/\/www.sonoraenequipo.com.mx\/storage\/2026\/05\/Casa-Blanca-declara-terminada-la-guerra-contra-Iran-al-vencer-plazo-legal-crece-polemica-en-EU-680x340.jpg 680w, https:\/\/www.sonoraenequipo.com.mx\/storage\/2026\/05\/Casa-Blanca-declara-terminada-la-guerra-contra-Iran-al-vencer-plazo-legal-crece-polemica-en-EU-840x420.jpg 840w, https:\/\/www.sonoraenequipo.com.mx\/storage\/2026\/05\/Casa-Blanca-declara-terminada-la-guerra-contra-Iran-al-vencer-plazo-legal-crece-polemica-en-EU-500x250.jpg 500w, https:\/\/www.sonoraenequipo.com.mx\/storage\/2026\/05\/Casa-Blanca-declara-terminada-la-guerra-contra-Iran-al-vencer-plazo-legal-crece-polemica-en-EU-768x384.jpg 768w, https:\/\/www.sonoraenequipo.com.mx\/storage\/2026\/05\/Casa-Blanca-declara-terminada-la-guerra-contra-Iran-al-vencer-plazo-legal-crece-polemica-en-EU.jpg 1000w\" sizes=\"auto, (max-width: 680px) 100vw, 680px\" loading=\"lazy\" decoding=\"async\" \/>                        <\/a>\n\n                      <\/div>\n                    <\/div>\n                                        <div class=\"figure-categories figure-categories-bg\">\n\n                      <ul class=\"cat-links\"><li class=\"meta-category\">\n                             <a class=\"covernews-categories category-color-1\"\n                            href=\"https:\/\/www.sonoraenequipo.com.mx\/mundo\/\" \n                            aria-label=\"Ver todas las publicaciones en MUNDO\"> \n                                 MUNDO\n                             <\/a>\n                        <\/li><\/ul>                    <\/div>\n                  <\/figure>\n\n                  <figcaption>\n\n                    <div class=\"title-heading\">\n                      <h3 class=\"article-title article-title-1\">\n                        <a href=\"https:\/\/www.sonoraenequipo.com.mx\/casa-blanca-declara-terminada-la-guerra-contra-iran-al-vencer-plazo-legal\/\">\n                          Casa Blanca declara \u201cterminada\u201d la guerra contra Ir\u00e1n al vencer plazo legal.                        <\/a>\n                      <\/h3>\n                    <\/div>\n                    <div class=\"grid-item-metadata\">\n                      \n    <span class=\"author-links\">\n\n      \n        <span class=\"item-metadata posts-author\">\n          <i class=\"far fa-user-circle\"><\/i>\n                          <a href=\"https:\/\/www.sonoraenequipo.com.mx\/profile\/admin\/\">\n                    enequipo                <\/a>\n               <\/span>\n                            <span class=\"aft-comment-count\">\n            <a href=\"https:\/\/www.sonoraenequipo.com.mx\/casa-blanca-declara-terminada-la-guerra-contra-iran-al-vencer-plazo-legal\/\">\n              <i class=\"far fa-comment\"><\/i>\n              <span class=\"aft-show-hover\">\n                0              <\/span>\n            <\/a>\n          <\/span>\n          <\/span>\n                    <\/div>\n                  <\/figcaption>\n                <\/div>\n              <\/figure>\n            <\/div>\n                    <div class=\"slick-item\">\n              <figure class=\"carousel-image col-sm-12\">\n                <div class=\"spotlight-post\" data-mh=\"carousal-height\">\n                  <figure class=\"featured-article  inside-img\">\n                    <div class=\"featured-article-wrapper\">\n                      <div class=\"data-bg-hover data-bg-featured read-bg-img\">\n                        <a href=\"https:\/\/www.sonoraenequipo.com.mx\/leon-xiv-nombra-dos-obispos-inmigrantes-en-ee-uu\/\"\n                          aria-label=\"Le\u00f3n XIV nombra dos obispos inmigrantes en EE.UU.\">\n                          <img width=\"548\" height=\"365\" src=\"https:\/\/www.sonoraenequipo.com.mx\/storage\/2026\/05\/obispos-548x365.jpg\" class=\"attachment-medium size-medium wp-post-image\" alt=\"obispos\" srcset=\"https:\/\/www.sonoraenequipo.com.mx\/storage\/2026\/05\/obispos-548x365.jpg 548w, https:\/\/www.sonoraenequipo.com.mx\/storage\/2026\/05\/obispos-420x280.jpg 420w, https:\/\/www.sonoraenequipo.com.mx\/storage\/2026\/05\/obispos-272x182.jpg 272w, https:\/\/www.sonoraenequipo.com.mx\/storage\/2026\/05\/obispos.jpg 600w\" sizes=\"auto, (max-width: 548px) 100vw, 548px\" loading=\"lazy\" decoding=\"async\" \/>                        <\/a>\n\n                      <\/div>\n                    <\/div>\n                                        <div class=\"figure-categories figure-categories-bg\">\n\n                      <ul class=\"cat-links\"><li class=\"meta-category\">\n                             <a class=\"covernews-categories category-color-1\"\n                            href=\"https:\/\/www.sonoraenequipo.com.mx\/mundo\/\" \n                            aria-label=\"Ver todas las publicaciones en MUNDO\"> \n                                 MUNDO\n                             <\/a>\n                        <\/li><\/ul>                    <\/div>\n                  <\/figure>\n\n                  <figcaption>\n\n                    <div class=\"title-heading\">\n                      <h3 class=\"article-title article-title-1\">\n                        <a href=\"https:\/\/www.sonoraenequipo.com.mx\/leon-xiv-nombra-dos-obispos-inmigrantes-en-ee-uu\/\">\n                          Le\u00f3n XIV nombra dos obispos inmigrantes en EE.UU.                        <\/a>\n                      <\/h3>\n                    <\/div>\n                    <div class=\"grid-item-metadata\">\n                      \n    <span class=\"author-links\">\n\n      \n        <span class=\"item-metadata posts-author\">\n          <i class=\"far fa-user-circle\"><\/i>\n                          <a href=\"https:\/\/www.sonoraenequipo.com.mx\/profile\/admin\/\">\n                    enequipo                <\/a>\n               <\/span>\n                            <span class=\"aft-comment-count\">\n            <a href=\"https:\/\/www.sonoraenequipo.com.mx\/leon-xiv-nombra-dos-obispos-inmigrantes-en-ee-uu\/\">\n              <i class=\"far fa-comment\"><\/i>\n              <span class=\"aft-show-hover\">\n                0              <\/span>\n            <\/a>\n          <\/span>\n          <\/span>\n                    <\/div>\n                  <\/figcaption>\n                <\/div>\n              <\/figure>\n            <\/div>\n                    <div class=\"slick-item\">\n              <figure class=\"carousel-image col-sm-12\">\n                <div class=\"spotlight-post\" data-mh=\"carousal-height\">\n                  <figure class=\"featured-article  inside-img\">\n                    <div class=\"featured-article-wrapper\">\n                      <div class=\"data-bg-hover data-bg-featured read-bg-img\">\n                        <a href=\"https:\/\/www.sonoraenequipo.com.mx\/agentes-de-la-dea-coludidos-con-el-narco-ante-la-farsa-de-guerra-revelan-documentos\/\"\n                          aria-label=\"Agentes de la DEA, coludidos con el &#8216;narco&#8217; ante la \u201cfarsa de guerra\u201d, revelan documentos\">\n                          <img width=\"581\" height=\"365\" src=\"https:\/\/www.sonoraenequipo.com.mx\/storage\/2026\/04\/agentes-de-la-dea-coludidos-con-el-narco-581x365.jpg\" class=\"attachment-medium size-medium wp-post-image\" alt=\"agentes-de-la-dea-coludidos-con-el-narco\" srcset=\"https:\/\/www.sonoraenequipo.com.mx\/storage\/2026\/04\/agentes-de-la-dea-coludidos-con-el-narco-581x365.jpg 581w, https:\/\/www.sonoraenequipo.com.mx\/storage\/2026\/04\/agentes-de-la-dea-coludidos-con-el-narco-764x480.jpg 764w, https:\/\/www.sonoraenequipo.com.mx\/storage\/2026\/04\/agentes-de-la-dea-coludidos-con-el-narco-446x280.jpg 446w, https:\/\/www.sonoraenequipo.com.mx\/storage\/2026\/04\/agentes-de-la-dea-coludidos-con-el-narco-768x482.jpg 768w, https:\/\/www.sonoraenequipo.com.mx\/storage\/2026\/04\/agentes-de-la-dea-coludidos-con-el-narco-540x340.jpg 540w, https:\/\/www.sonoraenequipo.com.mx\/storage\/2026\/04\/agentes-de-la-dea-coludidos-con-el-narco-400x250.jpg 400w, https:\/\/www.sonoraenequipo.com.mx\/storage\/2026\/04\/agentes-de-la-dea-coludidos-con-el-narco.jpg 1000w\" sizes=\"auto, (max-width: 581px) 100vw, 581px\" loading=\"lazy\" decoding=\"async\" \/>                        <\/a>\n\n                      <\/div>\n                    <\/div>\n                                        <div class=\"figure-categories figure-categories-bg\">\n\n                      <ul class=\"cat-links\"><li class=\"meta-category\">\n                             <a class=\"covernews-categories category-color-1\"\n                            href=\"https:\/\/www.sonoraenequipo.com.mx\/mundo\/\" \n                            aria-label=\"Ver todas las publicaciones en MUNDO\"> \n                                 MUNDO\n                             <\/a>\n                        <\/li><\/ul>                    <\/div>\n                  <\/figure>\n\n                  <figcaption>\n\n                    <div class=\"title-heading\">\n                      <h3 class=\"article-title article-title-1\">\n                        <a href=\"https:\/\/www.sonoraenequipo.com.mx\/agentes-de-la-dea-coludidos-con-el-narco-ante-la-farsa-de-guerra-revelan-documentos\/\">\n                          Agentes de la DEA, coludidos con el &#8216;narco&#8217; ante la \u201cfarsa de guerra\u201d, revelan documentos                        <\/a>\n                      <\/h3>\n                    <\/div>\n                    <div class=\"grid-item-metadata\">\n                      \n    <span class=\"author-links\">\n\n      \n        <span class=\"item-metadata posts-author\">\n          <i class=\"far fa-user-circle\"><\/i>\n                          <a href=\"https:\/\/www.sonoraenequipo.com.mx\/profile\/admin\/\">\n                    enequipo                <\/a>\n               <\/span>\n                            <span class=\"aft-comment-count\">\n            <a href=\"https:\/\/www.sonoraenequipo.com.mx\/agentes-de-la-dea-coludidos-con-el-narco-ante-la-farsa-de-guerra-revelan-documentos\/\">\n              <i class=\"far fa-comment\"><\/i>\n              <span class=\"aft-show-hover\">\n                0              <\/span>\n            <\/a>\n          <\/span>\n          <\/span>\n                    <\/div>\n                  <\/figcaption>\n                <\/div>\n              <\/figure>\n            <\/div>\n              <\/div>\n\n<\/div><\/div><\/div><div id=\"pg-97290-8\"  class=\"panel-grid panel-no-style\" ><div id=\"pgc-97290-8-0\"  class=\"panel-grid-cell\" ><div id=\"panel-97290-8-0-0\" class=\"so-panel widget widget_covernews_posts_grid covernews_Posts_Grid panel-first-child panel-last-child\" data-index=\"6\" >\n\n      <div class=\"widget-block\">\n        <div class=\"row\">\n\n\n          <div class=\"col-sm-6 full-plus-list\">\n                <h2 class=\"widget-title header-after1\">\n      <span class=\"header-after \">\n                CIENCIA Y TECNOLOGIA      <\/span>\n    <\/h2>\n                        \n                <div class=\"spotlight-post\">\n                  <figure class=\"categorised-article\">\n                    <div class=\"categorised-article-wrapper\">\n                      <div class=\"data-bg-hover data-bg-categorised read-bg-img\">\n                        <a href=\"https:\/\/www.sonoraenequipo.com.mx\/usar-la-ia-como-psicologo-podria-hacer-que-termines-en-prision\/\"\n                          aria-label=\"Usar la IA como psic\u00f3logo podr\u00eda hacer que termines en prisi\u00f3n\">\n                          <img width=\"541\" height=\"365\" src=\"https:\/\/www.sonoraenequipo.com.mx\/storage\/2026\/04\/IA-como-psicologo-no-funciona-1-541x365.jpg\" class=\"attachment-medium size-medium wp-post-image\" alt=\"IA como psicologo no funciona (1)\" srcset=\"https:\/\/www.sonoraenequipo.com.mx\/storage\/2026\/04\/IA-como-psicologo-no-funciona-1-541x365.jpg 541w, https:\/\/www.sonoraenequipo.com.mx\/storage\/2026\/04\/IA-como-psicologo-no-funciona-1-712x480.jpg 712w, https:\/\/www.sonoraenequipo.com.mx\/storage\/2026\/04\/IA-como-psicologo-no-funciona-1-415x280.jpg 415w, https:\/\/www.sonoraenequipo.com.mx\/storage\/2026\/04\/IA-como-psicologo-no-funciona-1-768x518.jpg 768w, https:\/\/www.sonoraenequipo.com.mx\/storage\/2026\/04\/IA-como-psicologo-no-funciona-1.jpg 985w\" sizes=\"auto, (max-width: 541px) 100vw, 541px\" loading=\"lazy\" decoding=\"async\" \/>                        <\/a>\n\n                      <\/div>\n                    <\/div>\n                  <\/figure>\n\n                                    <figcaption>\n                    <div class=\"figure-categories figure-categories-bg\">\n                      <ul class=\"cat-links\"><li class=\"meta-category\">\n                             <a class=\"covernews-categories category-color-1\"\n                            href=\"https:\/\/www.sonoraenequipo.com.mx\/ciencia-y-tecnologia\/\" \n                            aria-label=\"Ver todas las publicaciones en Ciencia y Tecnolog\u00eda\"> \n                                 Ciencia y Tecnolog\u00eda\n                             <\/a>\n                        <\/li><li class=\"meta-category\">\n                             <a class=\"covernews-categories category-color-1\"\n                            href=\"https:\/\/www.sonoraenequipo.com.mx\/mundo\/\" \n                            aria-label=\"Ver todas las publicaciones en MUNDO\"> \n                                 MUNDO\n                             <\/a>\n                        <\/li><\/ul>                    <\/div>\n                    <h3 class=\"article-title article-title-1\">\n                      <a href=\"https:\/\/www.sonoraenequipo.com.mx\/usar-la-ia-como-psicologo-podria-hacer-que-termines-en-prision\/\">\n                        Usar la IA como psic\u00f3logo podr\u00eda hacer que termines en prisi\u00f3n                      <\/a>\n                    <\/h3>\n                    <div class=\"grid-item-metadata\">\n                      \n    <span class=\"author-links\">\n\n      \n        <span class=\"item-metadata posts-author\">\n          <i class=\"far fa-user-circle\"><\/i>\n                          <a href=\"https:\/\/www.sonoraenequipo.com.mx\/profile\/admin\/\">\n                    enequipo                <\/a>\n               <\/span>\n                            <span class=\"aft-comment-count\">\n            <a href=\"https:\/\/www.sonoraenequipo.com.mx\/usar-la-ia-como-psicologo-podria-hacer-que-termines-en-prision\/\">\n              <i class=\"far fa-comment\"><\/i>\n              <span class=\"aft-show-hover\">\n                0              <\/span>\n            <\/a>\n          <\/span>\n          <\/span>\n                    <\/div>\n                  <\/figcaption>\n                <\/div>\n\n              \n                <div class=\"spotlight-post\">\n                  <figure class=\"categorised-article\">\n                    <div class=\"categorised-article-wrapper\">\n                      <div class=\"data-bg-hover data-bg-categorised read-bg-img\">\n                        <a href=\"https:\/\/www.sonoraenequipo.com.mx\/el-astronauta-canadiense-joshua-kutryk-ira-a-la-estacion-espacial-internacional\/\"\n                          aria-label=\"El astronauta canadiense Joshua Kutryk ir\u00e1 a la Estaci\u00f3n Espacial Internacional\">\n                          <img width=\"649\" height=\"365\" src=\"https:\/\/www.sonoraenequipo.com.mx\/storage\/2026\/04\/astronaute-joshua-kutryk-649x365.webp\" class=\"attachment-medium size-medium wp-post-image\" alt=\"astronaute-joshua-kutryk\" srcset=\"https:\/\/www.sonoraenequipo.com.mx\/storage\/2026\/04\/astronaute-joshua-kutryk-649x365.webp 649w, https:\/\/www.sonoraenequipo.com.mx\/storage\/2026\/04\/astronaute-joshua-kutryk-840x473.webp 840w, https:\/\/www.sonoraenequipo.com.mx\/storage\/2026\/04\/astronaute-joshua-kutryk-498x280.webp 498w, https:\/\/www.sonoraenequipo.com.mx\/storage\/2026\/04\/astronaute-joshua-kutryk-768x432.webp 768w, https:\/\/www.sonoraenequipo.com.mx\/storage\/2026\/04\/astronaute-joshua-kutryk.webp 960w\" sizes=\"auto, (max-width: 649px) 100vw, 649px\" loading=\"lazy\" decoding=\"async\" \/>                        <\/a>\n\n                      <\/div>\n                    <\/div>\n                  <\/figure>\n\n                                    <figcaption>\n                    <div class=\"figure-categories figure-categories-bg\">\n                      <ul class=\"cat-links\"><li class=\"meta-category\">\n                             <a class=\"covernews-categories category-color-1\"\n                            href=\"https:\/\/www.sonoraenequipo.com.mx\/ciencia-y-tecnologia\/\" \n                            aria-label=\"Ver todas las publicaciones en Ciencia y Tecnolog\u00eda\"> \n                                 Ciencia y Tecnolog\u00eda\n                             <\/a>\n                        <\/li><\/ul>                    <\/div>\n                    <h3 class=\"article-title article-title-1\">\n                      <a href=\"https:\/\/www.sonoraenequipo.com.mx\/el-astronauta-canadiense-joshua-kutryk-ira-a-la-estacion-espacial-internacional\/\">\n                        El astronauta canadiense Joshua Kutryk ir\u00e1 a la Estaci\u00f3n Espacial Internacional                      <\/a>\n                    <\/h3>\n                    <div class=\"grid-item-metadata\">\n                      \n    <span class=\"author-links\">\n\n      \n        <span class=\"item-metadata posts-author\">\n          <i class=\"far fa-user-circle\"><\/i>\n                          <a href=\"https:\/\/www.sonoraenequipo.com.mx\/profile\/admin\/\">\n                    enequipo                <\/a>\n               <\/span>\n                            <span class=\"aft-comment-count\">\n            <a href=\"https:\/\/www.sonoraenequipo.com.mx\/el-astronauta-canadiense-joshua-kutryk-ira-a-la-estacion-espacial-internacional\/\">\n              <i class=\"far fa-comment\"><\/i>\n              <span class=\"aft-show-hover\">\n                0              <\/span>\n            <\/a>\n          <\/span>\n          <\/span>\n                    <\/div>\n                  <\/figcaption>\n                <\/div>\n\n              \n                <div class=\"spotlight-post\">\n                  <figure class=\"categorised-article\">\n                    <div class=\"categorised-article-wrapper\">\n                      <div class=\"data-bg-hover data-bg-categorised read-bg-img\">\n                        <a href=\"https:\/\/www.sonoraenequipo.com.mx\/universidad-de-guanajuato-sigue-investigando-plantas-para-ser-usadas-en-tratamientos-de-diabetes-e-hipertension\/\"\n                          aria-label=\"U de G sigue investigando plantas para ser usadas en tratamientos de diabetes e hipertensi\u00f3n\">\n                          <img width=\"475\" height=\"365\" src=\"https:\/\/www.sonoraenequipo.com.mx\/storage\/2026\/04\/universidad-de-guanajuato-nvestiga-plantas-para-ser-usadas-en-tratamientos-de-diabetes-e-hipertension-475x365.jpg\" class=\"attachment-medium size-medium wp-post-image\" alt=\"universidad de guanajuato nvestiga plantas -para-ser-usadas-en-tratamientos-de-diabetes-e-hipertension\" srcset=\"https:\/\/www.sonoraenequipo.com.mx\/storage\/2026\/04\/universidad-de-guanajuato-nvestiga-plantas-para-ser-usadas-en-tratamientos-de-diabetes-e-hipertension-475x365.jpg 475w, https:\/\/www.sonoraenequipo.com.mx\/storage\/2026\/04\/universidad-de-guanajuato-nvestiga-plantas-para-ser-usadas-en-tratamientos-de-diabetes-e-hipertension-624x480.jpg 624w, https:\/\/www.sonoraenequipo.com.mx\/storage\/2026\/04\/universidad-de-guanajuato-nvestiga-plantas-para-ser-usadas-en-tratamientos-de-diabetes-e-hipertension-364x280.jpg 364w, https:\/\/www.sonoraenequipo.com.mx\/storage\/2026\/04\/universidad-de-guanajuato-nvestiga-plantas-para-ser-usadas-en-tratamientos-de-diabetes-e-hipertension-768x591.jpg 768w, https:\/\/www.sonoraenequipo.com.mx\/storage\/2026\/04\/universidad-de-guanajuato-nvestiga-plantas-para-ser-usadas-en-tratamientos-de-diabetes-e-hipertension.jpg 1000w\" sizes=\"auto, (max-width: 475px) 100vw, 475px\" loading=\"lazy\" decoding=\"async\" \/>                        <\/a>\n\n                      <\/div>\n                    <\/div>\n                  <\/figure>\n\n                                    <figcaption>\n                    <div class=\"figure-categories figure-categories-bg\">\n                      <ul class=\"cat-links\"><li class=\"meta-category\">\n                             <a class=\"covernews-categories category-color-1\"\n                            href=\"https:\/\/www.sonoraenequipo.com.mx\/ciencia-y-tecnologia\/\" \n                            aria-label=\"Ver todas las publicaciones en Ciencia y Tecnolog\u00eda\"> \n                                 Ciencia y Tecnolog\u00eda\n                             <\/a>\n                        <\/li><\/ul>                    <\/div>\n                    <h3 class=\"article-title article-title-1\">\n                      <a href=\"https:\/\/www.sonoraenequipo.com.mx\/universidad-de-guanajuato-sigue-investigando-plantas-para-ser-usadas-en-tratamientos-de-diabetes-e-hipertension\/\">\n                        U de G sigue investigando plantas para ser usadas en tratamientos de diabetes e hipertensi\u00f3n                      <\/a>\n                    <\/h3>\n                    <div class=\"grid-item-metadata\">\n                      \n    <span class=\"author-links\">\n\n      \n        <span class=\"item-metadata posts-author\">\n          <i class=\"far fa-user-circle\"><\/i>\n                          <a href=\"https:\/\/www.sonoraenequipo.com.mx\/profile\/admin\/\">\n                    enequipo                <\/a>\n               <\/span>\n                            <span class=\"aft-comment-count\">\n            <a href=\"https:\/\/www.sonoraenequipo.com.mx\/universidad-de-guanajuato-sigue-investigando-plantas-para-ser-usadas-en-tratamientos-de-diabetes-e-hipertension\/\">\n              <i class=\"far fa-comment\"><\/i>\n              <span class=\"aft-show-hover\">\n                0              <\/span>\n            <\/a>\n          <\/span>\n          <\/span>\n                    <\/div>\n                  <\/figcaption>\n                <\/div>\n\n              \n                <div class=\"spotlight-post\">\n                  <figure class=\"categorised-article\">\n                    <div class=\"categorised-article-wrapper\">\n                      <div class=\"data-bg-hover data-bg-categorised read-bg-img\">\n                        <a href=\"https:\/\/www.sonoraenequipo.com.mx\/la-vacunacion-evita-5-millones-de-muertes-al-ano\/\"\n                          aria-label=\"La vacunaci\u00f3n evita 5 millones de muertes al a\u00f1o\">\n                          <img width=\"548\" height=\"365\" src=\"https:\/\/www.sonoraenequipo.com.mx\/storage\/2026\/02\/vacunacion-sarampion-sonora-548x365.jpg\" class=\"attachment-medium size-medium wp-post-image\" alt=\"vacunacion sarampion sonora\" srcset=\"https:\/\/www.sonoraenequipo.com.mx\/storage\/2026\/02\/vacunacion-sarampion-sonora-548x365.jpg 548w, https:\/\/www.sonoraenequipo.com.mx\/storage\/2026\/02\/vacunacion-sarampion-sonora-420x280.jpg 420w, https:\/\/www.sonoraenequipo.com.mx\/storage\/2026\/02\/vacunacion-sarampion-sonora-272x182.jpg 272w, https:\/\/www.sonoraenequipo.com.mx\/storage\/2026\/02\/vacunacion-sarampion-sonora.jpg 600w\" sizes=\"auto, (max-width: 548px) 100vw, 548px\" loading=\"lazy\" decoding=\"async\" \/>                        <\/a>\n\n                      <\/div>\n                    <\/div>\n                  <\/figure>\n\n                                    <figcaption>\n                    <div class=\"figure-categories figure-categories-bg\">\n                      <ul class=\"cat-links\"><li class=\"meta-category\">\n                             <a class=\"covernews-categories category-color-1\"\n                            href=\"https:\/\/www.sonoraenequipo.com.mx\/ciencia-y-tecnologia\/\" \n                            aria-label=\"Ver todas las publicaciones en Ciencia y Tecnolog\u00eda\"> \n                                 Ciencia y Tecnolog\u00eda\n                             <\/a>\n                        <\/li><\/ul>                    <\/div>\n                    <h3 class=\"article-title article-title-1\">\n                      <a href=\"https:\/\/www.sonoraenequipo.com.mx\/la-vacunacion-evita-5-millones-de-muertes-al-ano\/\">\n                        La vacunaci\u00f3n evita 5 millones de muertes al a\u00f1o                      <\/a>\n                    <\/h3>\n                    <div class=\"grid-item-metadata\">\n                      \n    <span class=\"author-links\">\n\n      \n        <span class=\"item-metadata posts-author\">\n          <i class=\"far fa-user-circle\"><\/i>\n                          <a href=\"https:\/\/www.sonoraenequipo.com.mx\/profile\/admin\/\">\n                    enequipo                <\/a>\n               <\/span>\n                            <span class=\"aft-comment-count\">\n            <a href=\"https:\/\/www.sonoraenequipo.com.mx\/la-vacunacion-evita-5-millones-de-muertes-al-ano\/\">\n              <i class=\"far fa-comment\"><\/i>\n              <span class=\"aft-show-hover\">\n                0              <\/span>\n            <\/a>\n          <\/span>\n          <\/span>\n                    <\/div>\n                  <\/figcaption>\n                <\/div>\n\n                                    <\/div>\n\n          <div class=\"col-sm-6 list\">\n                <h2 class=\"widget-title header-after1\">\n      <span class=\"header-after \">\n                ETC\u00c9TERA      <\/span>\n    <\/h2>\n                        \n                <div class=\"spotlight-post\">\n                  <figure class=\"categorised-article\">\n                    <div class=\"categorised-article-wrapper\">\n                      <div class=\"data-bg-hover data-bg-categorised read-bg-img\">\n                        <a href=\"https:\/\/www.sonoraenequipo.com.mx\/gobierno-de-sonora-inaugura-exposicion-para-infancias-en-el-musas-en-el-marco-del-dia-de-las-ninas-y-los-ninos\/\"\n                          aria-label=\"Gobierno de Sonora inaugura exposici\u00f3n para infancias en el Musas en el marco del D\u00eda de las Ni\u00f1as y los Ni\u00f1os\">\n                          <img width=\"420\" height=\"280\" src=\"https:\/\/www.sonoraenequipo.com.mx\/storage\/2026\/05\/inaugura-exposicion-para-infancias-en-el-Musas.-1-420x280.jpg\" class=\"attachment-thumbnail size-thumbnail wp-post-image\" alt=\"inaugura exposici\u00f3n para infancias en el Musas.. (1)\" srcset=\"https:\/\/www.sonoraenequipo.com.mx\/storage\/2026\/05\/inaugura-exposicion-para-infancias-en-el-Musas.-1-420x280.jpg 420w, https:\/\/www.sonoraenequipo.com.mx\/storage\/2026\/05\/inaugura-exposicion-para-infancias-en-el-Musas.-1-548x365.jpg 548w, https:\/\/www.sonoraenequipo.com.mx\/storage\/2026\/05\/inaugura-exposicion-para-infancias-en-el-Musas.-1-720x480.jpg 720w, https:\/\/www.sonoraenequipo.com.mx\/storage\/2026\/05\/inaugura-exposicion-para-infancias-en-el-Musas.-1-768x512.jpg 768w, https:\/\/www.sonoraenequipo.com.mx\/storage\/2026\/05\/inaugura-exposicion-para-infancias-en-el-Musas.-1-1024x683.jpg 1024w, https:\/\/www.sonoraenequipo.com.mx\/storage\/2026\/05\/inaugura-exposicion-para-infancias-en-el-Musas.-1-272x182.jpg 272w, https:\/\/www.sonoraenequipo.com.mx\/storage\/2026\/05\/inaugura-exposicion-para-infancias-en-el-Musas.-1.jpg 1200w\" sizes=\"auto, (max-width: 420px) 100vw, 420px\" loading=\"lazy\" decoding=\"async\" \/>                        <\/a>\n\n                      <\/div>\n                    <\/div>\n                  <\/figure>\n                                    <figcaption>\n                    <div class=\"figure-categories figure-categories-bg\">\n\n                      <ul class=\"cat-links\"><li class=\"meta-category\">\n                             <a class=\"covernews-categories category-color-1\"\n                            href=\"https:\/\/www.sonoraenequipo.com.mx\/etcetera\/\" \n                            aria-label=\"Ver todas las publicaciones en Etc\u00e9tera\"> \n                                 Etc\u00e9tera\n                             <\/a>\n                        <\/li><\/ul>                    <\/div>\n                    <h3 class=\"article-title article-title-1\">\n                      <a href=\"https:\/\/www.sonoraenequipo.com.mx\/gobierno-de-sonora-inaugura-exposicion-para-infancias-en-el-musas-en-el-marco-del-dia-de-las-ninas-y-los-ninos\/\">\n                        Gobierno de Sonora inaugura exposici\u00f3n para infancias en el Musas en el marco del D\u00eda de las Ni\u00f1as y los Ni\u00f1os                      <\/a>\n                    <\/h3>\n                    <div class=\"grid-item-metadata\">\n                      \n    <span class=\"author-links\">\n\n      \n        <span class=\"item-metadata posts-author\">\n          <i class=\"far fa-user-circle\"><\/i>\n                          <a href=\"https:\/\/www.sonoraenequipo.com.mx\/profile\/admin\/\">\n                    enequipo                <\/a>\n               <\/span>\n                            <span class=\"aft-comment-count\">\n            <a href=\"https:\/\/www.sonoraenequipo.com.mx\/gobierno-de-sonora-inaugura-exposicion-para-infancias-en-el-musas-en-el-marco-del-dia-de-las-ninas-y-los-ninos\/\">\n              <i class=\"far fa-comment\"><\/i>\n              <span class=\"aft-show-hover\">\n                0              <\/span>\n            <\/a>\n          <\/span>\n          <\/span>\n                    <\/div>\n                  <\/figcaption>\n                <\/div>\n\n              \n                <div class=\"spotlight-post\">\n                  <figure class=\"categorised-article\">\n                    <div class=\"categorised-article-wrapper\">\n                      <div class=\"data-bg-hover data-bg-categorised read-bg-img\">\n                        <a href=\"https:\/\/www.sonoraenequipo.com.mx\/gobierno-de-sonora-inaugura-exposicion-fotografica-sobre-los-derechos-de-los-ninos-en-los-anos-20\/\"\n                          aria-label=\"Gobierno de Sonora inaugura exposici\u00f3n fotogr\u00e1fica sobre los derechos de los ni\u00f1os en los a\u00f1os 20\">\n                          <img width=\"420\" height=\"280\" src=\"https:\/\/www.sonoraenequipo.com.mx\/storage\/2026\/04\/exposicio-de-ninos-de-los-anos-20-1-420x280.jpg\" class=\"attachment-thumbnail size-thumbnail wp-post-image\" alt=\"exposici\u00f3 de ni\u00f1os de los a\u00f1os 20 (1)\" srcset=\"https:\/\/www.sonoraenequipo.com.mx\/storage\/2026\/04\/exposicio-de-ninos-de-los-anos-20-1-420x280.jpg 420w, https:\/\/www.sonoraenequipo.com.mx\/storage\/2026\/04\/exposicio-de-ninos-de-los-anos-20-1-548x365.jpg 548w, https:\/\/www.sonoraenequipo.com.mx\/storage\/2026\/04\/exposicio-de-ninos-de-los-anos-20-1-720x480.jpg 720w, https:\/\/www.sonoraenequipo.com.mx\/storage\/2026\/04\/exposicio-de-ninos-de-los-anos-20-1-768x512.jpg 768w, https:\/\/www.sonoraenequipo.com.mx\/storage\/2026\/04\/exposicio-de-ninos-de-los-anos-20-1-1024x683.jpg 1024w, https:\/\/www.sonoraenequipo.com.mx\/storage\/2026\/04\/exposicio-de-ninos-de-los-anos-20-1-272x182.jpg 272w, https:\/\/www.sonoraenequipo.com.mx\/storage\/2026\/04\/exposicio-de-ninos-de-los-anos-20-1.jpg 1200w\" sizes=\"auto, (max-width: 420px) 100vw, 420px\" loading=\"lazy\" decoding=\"async\" \/>                        <\/a>\n\n                      <\/div>\n                    <\/div>\n                  <\/figure>\n                                    <figcaption>\n                    <div class=\"figure-categories figure-categories-bg\">\n\n                      <ul class=\"cat-links\"><li class=\"meta-category\">\n                             <a class=\"covernews-categories category-color-1\"\n                            href=\"https:\/\/www.sonoraenequipo.com.mx\/etcetera\/\" \n                            aria-label=\"Ver todas las publicaciones en Etc\u00e9tera\"> \n                                 Etc\u00e9tera\n                             <\/a>\n                        <\/li><\/ul>                    <\/div>\n                    <h3 class=\"article-title article-title-1\">\n                      <a href=\"https:\/\/www.sonoraenequipo.com.mx\/gobierno-de-sonora-inaugura-exposicion-fotografica-sobre-los-derechos-de-los-ninos-en-los-anos-20\/\">\n                        Gobierno de Sonora inaugura exposici\u00f3n fotogr\u00e1fica sobre los derechos de los ni\u00f1os en los a\u00f1os 20                      <\/a>\n                    <\/h3>\n                    <div class=\"grid-item-metadata\">\n                      \n    <span class=\"author-links\">\n\n      \n        <span class=\"item-metadata posts-author\">\n          <i class=\"far fa-user-circle\"><\/i>\n                          <a href=\"https:\/\/www.sonoraenequipo.com.mx\/profile\/admin\/\">\n                    enequipo                <\/a>\n               <\/span>\n                            <span class=\"aft-comment-count\">\n            <a href=\"https:\/\/www.sonoraenequipo.com.mx\/gobierno-de-sonora-inaugura-exposicion-fotografica-sobre-los-derechos-de-los-ninos-en-los-anos-20\/\">\n              <i class=\"far fa-comment\"><\/i>\n              <span class=\"aft-show-hover\">\n                0              <\/span>\n            <\/a>\n          <\/span>\n          <\/span>\n                    <\/div>\n                  <\/figcaption>\n                <\/div>\n\n              \n                <div class=\"spotlight-post\">\n                  <figure class=\"categorised-article\">\n                    <div class=\"categorised-article-wrapper\">\n                      <div class=\"data-bg-hover data-bg-categorised read-bg-img\">\n                        <a href=\"https:\/\/www.sonoraenequipo.com.mx\/240654-2\/\"\n                          aria-label=\"Invitan a festival de danza Cajeme 2026\">\n                          <img width=\"420\" height=\"280\" src=\"https:\/\/www.sonoraenequipo.com.mx\/storage\/2026\/04\/danza-cajeme-420x280.jpg\" class=\"attachment-thumbnail size-thumbnail wp-post-image\" alt=\"danza cajeme\" srcset=\"https:\/\/www.sonoraenequipo.com.mx\/storage\/2026\/04\/danza-cajeme-420x280.jpg 420w, https:\/\/www.sonoraenequipo.com.mx\/storage\/2026\/04\/danza-cajeme-548x365.jpg 548w, https:\/\/www.sonoraenequipo.com.mx\/storage\/2026\/04\/danza-cajeme-272x182.jpg 272w, https:\/\/www.sonoraenequipo.com.mx\/storage\/2026\/04\/danza-cajeme.jpg 600w\" sizes=\"auto, (max-width: 420px) 100vw, 420px\" loading=\"lazy\" decoding=\"async\" \/>                        <\/a>\n\n                      <\/div>\n                    <\/div>\n                  <\/figure>\n                                    <figcaption>\n                    <div class=\"figure-categories figure-categories-bg\">\n\n                      <ul class=\"cat-links\"><li class=\"meta-category\">\n                             <a class=\"covernews-categories category-color-1\"\n                            href=\"https:\/\/www.sonoraenequipo.com.mx\/etcetera\/\" \n                            aria-label=\"Ver todas las publicaciones en Etc\u00e9tera\"> \n                                 Etc\u00e9tera\n                             <\/a>\n                        <\/li><li class=\"meta-category\">\n                             <a class=\"covernews-categories category-color-1\"\n                            href=\"https:\/\/www.sonoraenequipo.com.mx\/municipios\/\" \n                            aria-label=\"Ver todas las publicaciones en Municipios\"> \n                                 Municipios\n                             <\/a>\n                        <\/li><\/ul>                    <\/div>\n                    <h3 class=\"article-title article-title-1\">\n                      <a href=\"https:\/\/www.sonoraenequipo.com.mx\/240654-2\/\">\n                        Invitan a festival de danza Cajeme 2026                      <\/a>\n                    <\/h3>\n                    <div class=\"grid-item-metadata\">\n                      \n    <span class=\"author-links\">\n\n      \n        <span class=\"item-metadata posts-author\">\n          <i class=\"far fa-user-circle\"><\/i>\n                          <a href=\"https:\/\/www.sonoraenequipo.com.mx\/profile\/admin\/\">\n                    enequipo                <\/a>\n               <\/span>\n                            <span class=\"aft-comment-count\">\n            <a href=\"https:\/\/www.sonoraenequipo.com.mx\/240654-2\/\">\n              <i class=\"far fa-comment\"><\/i>\n              <span class=\"aft-show-hover\">\n                0              <\/span>\n            <\/a>\n          <\/span>\n          <\/span>\n                    <\/div>\n                  <\/figcaption>\n                <\/div>\n\n              \n                <div class=\"spotlight-post\">\n                  <figure class=\"categorised-article\">\n                    <div class=\"categorised-article-wrapper\">\n                      <div class=\"data-bg-hover data-bg-categorised read-bg-img\">\n                        <a href=\"https:\/\/www.sonoraenequipo.com.mx\/gobierno-de-sonora-presenta-el-poemario-puro-sonora\/\"\n                          aria-label=\"Gobierno de Sonora presenta el poemario Puro Sonora\">\n                          <img width=\"500\" height=\"271\" src=\"https:\/\/www.sonoraenequipo.com.mx\/storage\/2026\/04\/Gobierno-de-Sonora-presenta-el-poemario-Puro-Sonora-1-500x271.jpg\" class=\"attachment-thumbnail size-thumbnail wp-post-image\" alt=\"Gobierno de Sonora presenta el poemario Puro Sonora (1)\" srcset=\"https:\/\/www.sonoraenequipo.com.mx\/storage\/2026\/04\/Gobierno-de-Sonora-presenta-el-poemario-Puro-Sonora-1-500x271.jpg 500w, https:\/\/www.sonoraenequipo.com.mx\/storage\/2026\/04\/Gobierno-de-Sonora-presenta-el-poemario-Puro-Sonora-1-674x365.jpg 674w, https:\/\/www.sonoraenequipo.com.mx\/storage\/2026\/04\/Gobierno-de-Sonora-presenta-el-poemario-Puro-Sonora-1-840x455.jpg 840w, https:\/\/www.sonoraenequipo.com.mx\/storage\/2026\/04\/Gobierno-de-Sonora-presenta-el-poemario-Puro-Sonora-1-768x416.jpg 768w, https:\/\/www.sonoraenequipo.com.mx\/storage\/2026\/04\/Gobierno-de-Sonora-presenta-el-poemario-Puro-Sonora-1.jpg 978w\" sizes=\"auto, (max-width: 500px) 100vw, 500px\" loading=\"lazy\" decoding=\"async\" \/>                        <\/a>\n\n                      <\/div>\n                    <\/div>\n                  <\/figure>\n                                    <figcaption>\n                    <div class=\"figure-categories figure-categories-bg\">\n\n                      <ul class=\"cat-links\"><li class=\"meta-category\">\n                             <a class=\"covernews-categories category-color-1\"\n                            href=\"https:\/\/www.sonoraenequipo.com.mx\/etcetera\/\" \n                            aria-label=\"Ver todas las publicaciones en Etc\u00e9tera\"> \n                                 Etc\u00e9tera\n                             <\/a>\n                        <\/li><\/ul>                    <\/div>\n                    <h3 class=\"article-title article-title-1\">\n                      <a href=\"https:\/\/www.sonoraenequipo.com.mx\/gobierno-de-sonora-presenta-el-poemario-puro-sonora\/\">\n                        Gobierno de Sonora presenta el poemario Puro Sonora                      <\/a>\n                    <\/h3>\n                    <div class=\"grid-item-metadata\">\n                      \n    <span class=\"author-links\">\n\n      \n        <span class=\"item-metadata posts-author\">\n          <i class=\"far fa-user-circle\"><\/i>\n                          <a href=\"https:\/\/www.sonoraenequipo.com.mx\/profile\/admin\/\">\n                    enequipo                <\/a>\n               <\/span>\n                            <span class=\"aft-comment-count\">\n            <a href=\"https:\/\/www.sonoraenequipo.com.mx\/gobierno-de-sonora-presenta-el-poemario-puro-sonora\/\">\n              <i class=\"far fa-comment\"><\/i>\n              <span class=\"aft-show-hover\">\n                0              <\/span>\n            <\/a>\n          <\/span>\n          <\/span>\n                    <\/div>\n                  <\/figcaption>\n                <\/div>\n\n              \n                <div class=\"spotlight-post\">\n                  <figure class=\"categorised-article\">\n                    <div class=\"categorised-article-wrapper\">\n                      <div class=\"data-bg-hover data-bg-categorised read-bg-img\">\n                        <a href=\"https:\/\/www.sonoraenequipo.com.mx\/gobierno-de-sonora-promueve-el-dialogo-sobre-pueblos-originarios-con-charlas-didacticas-2\/\"\n                          aria-label=\"Gobierno de Sonora promueve el di\u00e1logo sobre pueblos originarios con charlas did\u00e1cticas\">\n                          <img width=\"423\" height=\"280\" src=\"https:\/\/www.sonoraenequipo.com.mx\/storage\/2026\/04\/Sonora-promueve-el-dialogo-sobre-pueblos-originarios-1-423x280.jpg\" class=\"attachment-thumbnail size-thumbnail wp-post-image\" alt=\"Sonora promueve el di\u00e1logo sobre pueblos originarios (1)\" srcset=\"https:\/\/www.sonoraenequipo.com.mx\/storage\/2026\/04\/Sonora-promueve-el-dialogo-sobre-pueblos-originarios-1-423x280.jpg 423w, https:\/\/www.sonoraenequipo.com.mx\/storage\/2026\/04\/Sonora-promueve-el-dialogo-sobre-pueblos-originarios-1-551x365.jpg 551w, https:\/\/www.sonoraenequipo.com.mx\/storage\/2026\/04\/Sonora-promueve-el-dialogo-sobre-pueblos-originarios-1-724x480.jpg 724w, https:\/\/www.sonoraenequipo.com.mx\/storage\/2026\/04\/Sonora-promueve-el-dialogo-sobre-pueblos-originarios-1-768x509.jpg 768w, https:\/\/www.sonoraenequipo.com.mx\/storage\/2026\/04\/Sonora-promueve-el-dialogo-sobre-pueblos-originarios-1.jpg 981w\" sizes=\"auto, (max-width: 423px) 100vw, 423px\" loading=\"lazy\" decoding=\"async\" \/>                        <\/a>\n\n                      <\/div>\n                    <\/div>\n                  <\/figure>\n                                    <figcaption>\n                    <div class=\"figure-categories figure-categories-bg\">\n\n                      <ul class=\"cat-links\"><li class=\"meta-category\">\n                             <a class=\"covernews-categories category-color-1\"\n                            href=\"https:\/\/www.sonoraenequipo.com.mx\/etcetera\/\" \n                            aria-label=\"Ver todas las publicaciones en Etc\u00e9tera\"> \n                                 Etc\u00e9tera\n                             <\/a>\n                        <\/li><\/ul>                    <\/div>\n                    <h3 class=\"article-title article-title-1\">\n                      <a href=\"https:\/\/www.sonoraenequipo.com.mx\/gobierno-de-sonora-promueve-el-dialogo-sobre-pueblos-originarios-con-charlas-didacticas-2\/\">\n                        Gobierno de Sonora promueve el di\u00e1logo sobre pueblos originarios con charlas did\u00e1cticas                      <\/a>\n                    <\/h3>\n                    <div class=\"grid-item-metadata\">\n                      \n    <span class=\"author-links\">\n\n      \n        <span class=\"item-metadata posts-author\">\n          <i class=\"far fa-user-circle\"><\/i>\n                          <a href=\"https:\/\/www.sonoraenequipo.com.mx\/profile\/admin\/\">\n                    enequipo                <\/a>\n               <\/span>\n                            <span class=\"aft-comment-count\">\n            <a href=\"https:\/\/www.sonoraenequipo.com.mx\/gobierno-de-sonora-promueve-el-dialogo-sobre-pueblos-originarios-con-charlas-didacticas-2\/\">\n              <i class=\"far fa-comment\"><\/i>\n              <span class=\"aft-show-hover\">\n                0              <\/span>\n            <\/a>\n          <\/span>\n          <\/span>\n                    <\/div>\n                  <\/figcaption>\n                <\/div>\n\n                                    <\/div>\n        <\/div>\n      <\/div>\n\n<\/div><\/div><\/div><div id=\"pg-97290-9\"  class=\"panel-grid panel-no-style\" ><div id=\"pgc-97290-9-0\"  class=\"panel-grid-cell\" ><div id=\"panel-97290-9-0-0\" class=\"so-panel widget widget_covernews_posts_carousel covernews_posts_carousel_widget grid-layout panel-first-child panel-last-child\" data-index=\"7\" >              <div class=\"em-title-subtitle-wrap\">\n              <h2 class=\"widget-title header-after1\">\n      <span class=\"header-after \">\n                ESPECIALES      <\/span>\n    <\/h2>\n        <\/div>\n                  <div class=\"posts-carousel row\">\n                    <div class=\"slick-item\">\n              <figure class=\"carousel-image col-sm-12\">\n                <div class=\"spotlight-post\" data-mh=\"carousal-height\">\n                  <figure class=\"featured-article  inside-img\">\n                    <div class=\"featured-article-wrapper\">\n                      <div class=\"data-bg-hover data-bg-featured read-bg-img\">\n                        <a href=\"https:\/\/www.sonoraenequipo.com.mx\/senales-de-alerta-en-la-boca-que-pueden-indicar-enfermedades-graves-como-diabetes-o-cancer\/\"\n                          aria-label=\"Se\u00f1ales de alerta en la boca que pueden indicar enfermedades graves como diabetes o c\u00e1ncer\">\n                          <img width=\"649\" height=\"365\" src=\"https:\/\/www.sonoraenequipo.com.mx\/storage\/2026\/04\/Candidiasis-oral-recurrente-en-adultos-sanos-1-649x365.jpg\" class=\"attachment-medium size-medium wp-post-image\" alt=\"Candidiasis oral recurrente en adultos sanos (1)\" srcset=\"https:\/\/www.sonoraenequipo.com.mx\/storage\/2026\/04\/Candidiasis-oral-recurrente-en-adultos-sanos-1-649x365.jpg 649w, https:\/\/www.sonoraenequipo.com.mx\/storage\/2026\/04\/Candidiasis-oral-recurrente-en-adultos-sanos-1-840x472.jpg 840w, https:\/\/www.sonoraenequipo.com.mx\/storage\/2026\/04\/Candidiasis-oral-recurrente-en-adultos-sanos-1-498x280.jpg 498w, https:\/\/www.sonoraenequipo.com.mx\/storage\/2026\/04\/Candidiasis-oral-recurrente-en-adultos-sanos-1-768x432.jpg 768w, https:\/\/www.sonoraenequipo.com.mx\/storage\/2026\/04\/Candidiasis-oral-recurrente-en-adultos-sanos-1.jpg 1000w\" sizes=\"auto, (max-width: 649px) 100vw, 649px\" loading=\"lazy\" decoding=\"async\" \/>                        <\/a>\n\n                      <\/div>\n                    <\/div>\n                                        <div class=\"figure-categories figure-categories-bg\">\n\n                      <ul class=\"cat-links\"><li class=\"meta-category\">\n                             <a class=\"covernews-categories category-color-1\"\n                            href=\"https:\/\/www.sonoraenequipo.com.mx\/especiales\/\" \n                            aria-label=\"Ver todas las publicaciones en Especiales\"> \n                                 Especiales\n                             <\/a>\n                        <\/li><\/ul>                    <\/div>\n                  <\/figure>\n\n                  <figcaption>\n\n                    <div class=\"title-heading\">\n                      <h3 class=\"article-title article-title-1\">\n                        <a href=\"https:\/\/www.sonoraenequipo.com.mx\/senales-de-alerta-en-la-boca-que-pueden-indicar-enfermedades-graves-como-diabetes-o-cancer\/\">\n                          Se\u00f1ales de alerta en la boca que pueden indicar enfermedades graves como diabetes o c\u00e1ncer                        <\/a>\n                      <\/h3>\n                    <\/div>\n                    <div class=\"grid-item-metadata\">\n                      \n    <span class=\"author-links\">\n\n      \n        <span class=\"item-metadata posts-author\">\n          <i class=\"far fa-user-circle\"><\/i>\n                          <a href=\"https:\/\/www.sonoraenequipo.com.mx\/profile\/admin\/\">\n                    enequipo                <\/a>\n               <\/span>\n                            <span class=\"aft-comment-count\">\n            <a href=\"https:\/\/www.sonoraenequipo.com.mx\/senales-de-alerta-en-la-boca-que-pueden-indicar-enfermedades-graves-como-diabetes-o-cancer\/\">\n              <i class=\"far fa-comment\"><\/i>\n              <span class=\"aft-show-hover\">\n                0              <\/span>\n            <\/a>\n          <\/span>\n          <\/span>\n                    <\/div>\n                  <\/figcaption>\n                <\/div>\n              <\/figure>\n            <\/div>\n                    <div class=\"slick-item\">\n              <figure class=\"carousel-image col-sm-12\">\n                <div class=\"spotlight-post\" data-mh=\"carousal-height\">\n                  <figure class=\"featured-article  inside-img\">\n                    <div class=\"featured-article-wrapper\">\n                      <div class=\"data-bg-hover data-bg-featured read-bg-img\">\n                        <a href=\"https:\/\/www.sonoraenequipo.com.mx\/menopausia-antes-de-los-40-puede-causar-problemas-graves-de-salud-en-el-futuro\/\"\n                          aria-label=\"Menopausia antes de los 40: \u00bfpuede causar problemas graves de salud en el futuro?\">\n                          <img width=\"641\" height=\"365\" src=\"https:\/\/www.sonoraenequipo.com.mx\/storage\/2026\/04\/menopausia-a-los-40.-Consecuencias-1-641x365.jpg\" class=\"attachment-medium size-medium wp-post-image\" alt=\"menopausia a los 40. Consecuencias (1)\" srcset=\"https:\/\/www.sonoraenequipo.com.mx\/storage\/2026\/04\/menopausia-a-los-40.-Consecuencias-1-641x365.jpg 641w, https:\/\/www.sonoraenequipo.com.mx\/storage\/2026\/04\/menopausia-a-los-40.-Consecuencias-1-840x478.jpg 840w, https:\/\/www.sonoraenequipo.com.mx\/storage\/2026\/04\/menopausia-a-los-40.-Consecuencias-1-492x280.jpg 492w, https:\/\/www.sonoraenequipo.com.mx\/storage\/2026\/04\/menopausia-a-los-40.-Consecuencias-1-768x437.jpg 768w, https:\/\/www.sonoraenequipo.com.mx\/storage\/2026\/04\/menopausia-a-los-40.-Consecuencias-1-1024x583.jpg 1024w, https:\/\/www.sonoraenequipo.com.mx\/storage\/2026\/04\/menopausia-a-los-40.-Consecuencias-1.jpg 1145w\" sizes=\"auto, (max-width: 641px) 100vw, 641px\" loading=\"lazy\" decoding=\"async\" \/>                        <\/a>\n\n                      <\/div>\n                    <\/div>\n                                        <div class=\"figure-categories figure-categories-bg\">\n\n                      <ul class=\"cat-links\"><li class=\"meta-category\">\n                             <a class=\"covernews-categories category-color-1\"\n                            href=\"https:\/\/www.sonoraenequipo.com.mx\/especiales\/\" \n                            aria-label=\"Ver todas las publicaciones en Especiales\"> \n                                 Especiales\n                             <\/a>\n                        <\/li><\/ul>                    <\/div>\n                  <\/figure>\n\n                  <figcaption>\n\n                    <div class=\"title-heading\">\n                      <h3 class=\"article-title article-title-1\">\n                        <a href=\"https:\/\/www.sonoraenequipo.com.mx\/menopausia-antes-de-los-40-puede-causar-problemas-graves-de-salud-en-el-futuro\/\">\n                          Menopausia antes de los 40: \u00bfpuede causar problemas graves de salud en el futuro?                        <\/a>\n                      <\/h3>\n                    <\/div>\n                    <div class=\"grid-item-metadata\">\n                      \n    <span class=\"author-links\">\n\n      \n        <span class=\"item-metadata posts-author\">\n          <i class=\"far fa-user-circle\"><\/i>\n                          <a href=\"https:\/\/www.sonoraenequipo.com.mx\/profile\/admin\/\">\n                    enequipo                <\/a>\n               <\/span>\n                            <span class=\"aft-comment-count\">\n            <a href=\"https:\/\/www.sonoraenequipo.com.mx\/menopausia-antes-de-los-40-puede-causar-problemas-graves-de-salud-en-el-futuro\/\">\n              <i class=\"far fa-comment\"><\/i>\n              <span class=\"aft-show-hover\">\n                0              <\/span>\n            <\/a>\n          <\/span>\n          <\/span>\n                    <\/div>\n                  <\/figcaption>\n                <\/div>\n              <\/figure>\n            <\/div>\n                    <div class=\"slick-item\">\n              <figure class=\"carousel-image col-sm-12\">\n                <div class=\"spotlight-post\" data-mh=\"carousal-height\">\n                  <figure class=\"featured-article  inside-img\">\n                    <div class=\"featured-article-wrapper\">\n                      <div class=\"data-bg-hover data-bg-featured read-bg-img\">\n                        <a href=\"https:\/\/www.sonoraenequipo.com.mx\/avances-en-autismo-requieren-implementacion-efectiva-y-coordinacion-institucional-senador\/\"\n                          aria-label=\"Avances en autismo requieren implementaci\u00f3n efectiva y coordinaci\u00f3n institucional: senador\">\n                          <img width=\"680\" height=\"356\" src=\"https:\/\/www.sonoraenequipo.com.mx\/storage\/2026\/04\/Avances-en-autismo-680x356.jpg\" class=\"attachment-medium size-medium wp-post-image\" alt=\"Avances en autismo\" srcset=\"https:\/\/www.sonoraenequipo.com.mx\/storage\/2026\/04\/Avances-en-autismo-680x356.jpg 680w, https:\/\/www.sonoraenequipo.com.mx\/storage\/2026\/04\/Avances-en-autismo-840x440.jpg 840w, https:\/\/www.sonoraenequipo.com.mx\/storage\/2026\/04\/Avances-en-autismo-500x262.jpg 500w, https:\/\/www.sonoraenequipo.com.mx\/storage\/2026\/04\/Avances-en-autismo-768x402.jpg 768w, https:\/\/www.sonoraenequipo.com.mx\/storage\/2026\/04\/Avances-en-autismo-1024x536.jpg 1024w, https:\/\/www.sonoraenequipo.com.mx\/storage\/2026\/04\/Avances-en-autismo.jpg 1200w\" sizes=\"auto, (max-width: 680px) 100vw, 680px\" loading=\"lazy\" decoding=\"async\" \/>                        <\/a>\n\n                      <\/div>\n                    <\/div>\n                                        <div class=\"figure-categories figure-categories-bg\">\n\n                      <ul class=\"cat-links\"><li class=\"meta-category\">\n                             <a class=\"covernews-categories category-color-1\"\n                            href=\"https:\/\/www.sonoraenequipo.com.mx\/especiales\/\" \n                            aria-label=\"Ver todas las publicaciones en Especiales\"> \n                                 Especiales\n                             <\/a>\n                        <\/li><\/ul>                    <\/div>\n                  <\/figure>\n\n                  <figcaption>\n\n                    <div class=\"title-heading\">\n                      <h3 class=\"article-title article-title-1\">\n                        <a href=\"https:\/\/www.sonoraenequipo.com.mx\/avances-en-autismo-requieren-implementacion-efectiva-y-coordinacion-institucional-senador\/\">\n                          Avances en autismo requieren implementaci\u00f3n efectiva y coordinaci\u00f3n institucional: senador                        <\/a>\n                      <\/h3>\n                    <\/div>\n                    <div class=\"grid-item-metadata\">\n                      \n    <span class=\"author-links\">\n\n      \n        <span class=\"item-metadata posts-author\">\n          <i class=\"far fa-user-circle\"><\/i>\n                          <a href=\"https:\/\/www.sonoraenequipo.com.mx\/profile\/admin\/\">\n                    enequipo                <\/a>\n               <\/span>\n                            <span class=\"aft-comment-count\">\n            <a href=\"https:\/\/www.sonoraenequipo.com.mx\/avances-en-autismo-requieren-implementacion-efectiva-y-coordinacion-institucional-senador\/\">\n              <i class=\"far fa-comment\"><\/i>\n              <span class=\"aft-show-hover\">\n                0              <\/span>\n            <\/a>\n          <\/span>\n          <\/span>\n                    <\/div>\n                  <\/figcaption>\n                <\/div>\n              <\/figure>\n            <\/div>\n                    <div class=\"slick-item\">\n              <figure class=\"carousel-image col-sm-12\">\n                <div class=\"spotlight-post\" data-mh=\"carousal-height\">\n                  <figure class=\"featured-article  inside-img\">\n                    <div class=\"featured-article-wrapper\">\n                      <div class=\"data-bg-hover data-bg-featured read-bg-img\">\n                        <a href=\"https:\/\/www.sonoraenequipo.com.mx\/mexico-consume-mas-de-22-3-millones-de-toneladas-de-taco-al-ano\/\"\n                          aria-label=\"M\u00e9xico consume m\u00e1s de 22.3 millones de toneladas de taco al a\u00f1o\">\n                          <img width=\"680\" height=\"341\" src=\"https:\/\/www.sonoraenequipo.com.mx\/storage\/2026\/04\/tacos-de-aguacate-y-carne-1-680x341.jpg\" class=\"attachment-medium size-medium wp-post-image\" alt=\"tacos de aguacate y carne (1)\" srcset=\"https:\/\/www.sonoraenequipo.com.mx\/storage\/2026\/04\/tacos-de-aguacate-y-carne-1-680x341.jpg 680w, https:\/\/www.sonoraenequipo.com.mx\/storage\/2026\/04\/tacos-de-aguacate-y-carne-1-840x422.jpg 840w, https:\/\/www.sonoraenequipo.com.mx\/storage\/2026\/04\/tacos-de-aguacate-y-carne-1-500x251.jpg 500w, https:\/\/www.sonoraenequipo.com.mx\/storage\/2026\/04\/tacos-de-aguacate-y-carne-1-768x386.jpg 768w, https:\/\/www.sonoraenequipo.com.mx\/storage\/2026\/04\/tacos-de-aguacate-y-carne-1.jpg 1000w\" sizes=\"auto, (max-width: 680px) 100vw, 680px\" loading=\"lazy\" decoding=\"async\" \/>                        <\/a>\n\n                      <\/div>\n                    <\/div>\n                                        <div class=\"figure-categories figure-categories-bg\">\n\n                      <ul class=\"cat-links\"><li class=\"meta-category\">\n                             <a class=\"covernews-categories category-color-1\"\n                            href=\"https:\/\/www.sonoraenequipo.com.mx\/especiales\/\" \n                            aria-label=\"Ver todas las publicaciones en Especiales\"> \n                                 Especiales\n                             <\/a>\n                        <\/li><\/ul>                    <\/div>\n                  <\/figure>\n\n                  <figcaption>\n\n                    <div class=\"title-heading\">\n                      <h3 class=\"article-title article-title-1\">\n                        <a href=\"https:\/\/www.sonoraenequipo.com.mx\/mexico-consume-mas-de-22-3-millones-de-toneladas-de-taco-al-ano\/\">\n                          M\u00e9xico consume m\u00e1s de 22.3 millones de toneladas de taco al a\u00f1o                        <\/a>\n                      <\/h3>\n                    <\/div>\n                    <div class=\"grid-item-metadata\">\n                      \n    <span class=\"author-links\">\n\n      \n        <span class=\"item-metadata posts-author\">\n          <i class=\"far fa-user-circle\"><\/i>\n                          <a href=\"https:\/\/www.sonoraenequipo.com.mx\/profile\/admin\/\">\n                    enequipo                <\/a>\n               <\/span>\n                            <span class=\"aft-comment-count\">\n            <a href=\"https:\/\/www.sonoraenequipo.com.mx\/mexico-consume-mas-de-22-3-millones-de-toneladas-de-taco-al-ano\/\">\n              <i class=\"far fa-comment\"><\/i>\n              <span class=\"aft-show-hover\">\n                0              <\/span>\n            <\/a>\n          <\/span>\n          <\/span>\n                    <\/div>\n                  <\/figcaption>\n                <\/div>\n              <\/figure>\n            <\/div>\n                    <div class=\"slick-item\">\n              <figure class=\"carousel-image col-sm-12\">\n                <div class=\"spotlight-post\" data-mh=\"carousal-height\">\n                  <figure class=\"featured-article  inside-img\">\n                    <div class=\"featured-article-wrapper\">\n                      <div class=\"data-bg-hover data-bg-featured read-bg-img\">\n                        <a href=\"https:\/\/www.sonoraenequipo.com.mx\/historico-fallo-meta-y-youtube-deberan-pagar-3-mdd-por-adiccion-de-menores-a-redes-sociales\/\"\n                          aria-label=\"Hist\u00f3rico fallo: Meta y YouTube deber\u00e1n pagar 3 mdd por adicci\u00f3n de menores a redes sociales\">\n                          <img width=\"680\" height=\"342\" src=\"https:\/\/www.sonoraenequipo.com.mx\/storage\/2026\/03\/multa-a-meta-youtube-adiccion-menores-680x342.jpg\" class=\"attachment-medium size-medium wp-post-image\" alt=\"multa a-meta-youtube-adiccion-menores\" srcset=\"https:\/\/www.sonoraenequipo.com.mx\/storage\/2026\/03\/multa-a-meta-youtube-adiccion-menores-680x342.jpg 680w, https:\/\/www.sonoraenequipo.com.mx\/storage\/2026\/03\/multa-a-meta-youtube-adiccion-menores-840x423.jpg 840w, https:\/\/www.sonoraenequipo.com.mx\/storage\/2026\/03\/multa-a-meta-youtube-adiccion-menores-500x252.jpg 500w, https:\/\/www.sonoraenequipo.com.mx\/storage\/2026\/03\/multa-a-meta-youtube-adiccion-menores-768x386.jpg 768w, https:\/\/www.sonoraenequipo.com.mx\/storage\/2026\/03\/multa-a-meta-youtube-adiccion-menores.jpg 1000w\" sizes=\"auto, (max-width: 680px) 100vw, 680px\" loading=\"lazy\" decoding=\"async\" \/>                        <\/a>\n\n                      <\/div>\n                    <\/div>\n                                        <div class=\"figure-categories figure-categories-bg\">\n\n                      <ul class=\"cat-links\"><li class=\"meta-category\">\n                             <a class=\"covernews-categories category-color-1\"\n                            href=\"https:\/\/www.sonoraenequipo.com.mx\/especiales\/\" \n                            aria-label=\"Ver todas las publicaciones en Especiales\"> \n                                 Especiales\n                             <\/a>\n                        <\/li><\/ul>                    <\/div>\n                  <\/figure>\n\n                  <figcaption>\n\n                    <div class=\"title-heading\">\n                      <h3 class=\"article-title article-title-1\">\n                        <a href=\"https:\/\/www.sonoraenequipo.com.mx\/historico-fallo-meta-y-youtube-deberan-pagar-3-mdd-por-adiccion-de-menores-a-redes-sociales\/\">\n                          Hist\u00f3rico fallo: Meta y YouTube deber\u00e1n pagar 3 mdd por adicci\u00f3n de menores a redes sociales                        <\/a>\n                      <\/h3>\n                    <\/div>\n                    <div class=\"grid-item-metadata\">\n                      \n    <span class=\"author-links\">\n\n      \n        <span class=\"item-metadata posts-author\">\n          <i class=\"far fa-user-circle\"><\/i>\n                          <a href=\"https:\/\/www.sonoraenequipo.com.mx\/profile\/admin\/\">\n                    enequipo                <\/a>\n               <\/span>\n                            <span class=\"aft-comment-count\">\n            <a href=\"https:\/\/www.sonoraenequipo.com.mx\/historico-fallo-meta-y-youtube-deberan-pagar-3-mdd-por-adiccion-de-menores-a-redes-sociales\/\">\n              <i class=\"far fa-comment\"><\/i>\n              <span class=\"aft-show-hover\">\n                0              <\/span>\n            <\/a>\n          <\/span>\n          <\/span>\n                    <\/div>\n                  <\/figcaption>\n                <\/div>\n              <\/figure>\n            <\/div>\n              <\/div>\n\n<\/div><\/div><\/div><div id=\"pg-97290-10\"  class=\"panel-grid panel-no-style\" ><div id=\"pgc-97290-10-0\"  class=\"panel-grid-cell\" ><div id=\"panel-97290-10-0-0\" class=\"so-panel widget widget_sow-slider panel-first-child panel-last-child\" data-index=\"8\" ><div\n\t\t\t\n\t\t\tclass=\"so-widget-sow-slider so-widget-sow-slider-default-6d39609536fd-238295\"\n\t\t\t\n\t\t>\t\t\t\t<div class=\"sow-slider-base\" style=\"display: none\" tabindex=\"0\">\n\t\t\t\t\t<ul\n\t\t\t\t\tclass=\"sow-slider-images\"\n\t\t\t\t\tdata-settings=\"{&quot;pagination&quot;:true,&quot;speed&quot;:800,&quot;timeout&quot;:8000,&quot;paused&quot;:false,&quot;pause_on_hover&quot;:false,&quot;swipe&quot;:true,&quot;nav_always_show_desktop&quot;:&quot;&quot;,&quot;nav_always_show_mobile&quot;:&quot;&quot;,&quot;breakpoint&quot;:&quot;780px&quot;,&quot;unmute&quot;:false,&quot;anchor&quot;:null}\"\n\t\t\t\t\t\t\t\t\t\tdata-anchor-id=\"\"\n\t\t\t\t><\/ul>\t\t\t\t<ol class=\"sow-slider-pagination\">\n\t\t\t\t\t\t\t\t\t<\/ol>\n\n\t\t\t\t<div class=\"sow-slide-nav sow-slide-nav-next\">\n\t\t\t\t\t<a href=\"#\" data-goto=\"next\" aria-label=\"diapositiva siguiente\" data-action=\"next\">\n\t\t\t\t\t\t<em class=\"sow-sld-icon-thin-right\"><\/em>\n\t\t\t\t\t<\/a>\n\t\t\t\t<\/div>\n\n\t\t\t\t<div class=\"sow-slide-nav sow-slide-nav-prev\">\n\t\t\t\t\t<a href=\"#\" data-goto=\"previous\" aria-label=\"diapositiva anterior\" data-action=\"prev\">\n\t\t\t\t\t\t<em class=\"sow-sld-icon-thin-left\"><\/em>\n\t\t\t\t\t<\/a>\n\t\t\t\t<\/div>\n\t\t\t\t<\/div><\/div><\/div><\/div><\/div><div id=\"pg-97290-11\"  class=\"panel-grid panel-no-style\" ><div id=\"pgc-97290-11-0\"  class=\"panel-grid-cell\" ><div id=\"panel-97290-11-0-0\" class=\"so-panel widget widget_covernews_posts_grid covernews_Posts_Grid panel-first-child panel-last-child\" data-index=\"9\" >\n\n      <div class=\"widget-block\">\n        <div class=\"row\">\n\n\n          <div class=\"col-sm-6 full-plus-list\">\n                <h2 class=\"widget-title header-after1\">\n      <span class=\"header-after \">\n                SHOWBIZ      <\/span>\n    <\/h2>\n                        \n                <div class=\"spotlight-post\">\n                  <figure class=\"categorised-article\">\n                    <div class=\"categorised-article-wrapper\">\n                      <div class=\"data-bg-hover data-bg-categorised read-bg-img\">\n                        <a href=\"https:\/\/www.sonoraenequipo.com.mx\/anuncian-varios-paises-su-salida-de-eurovision-2026-por-participacion-de-israel\/\"\n                          aria-label=\"Anuncian varios pa\u00edses su salida de Eurovisi\u00f3n 2026 por participaci\u00f3n de Israel\">\n                          <img width=\"557\" height=\"365\" src=\"https:\/\/www.sonoraenequipo.com.mx\/storage\/2026\/05\/70-edicion-de-Eurovision-en-Viena-Austria-557x365.jpg\" class=\"attachment-medium size-medium wp-post-image\" alt=\"70 edici\u00f3n de Eurovisi\u00f3n en Viena, Austria,\" srcset=\"https:\/\/www.sonoraenequipo.com.mx\/storage\/2026\/05\/70-edicion-de-Eurovision-en-Viena-Austria-557x365.jpg 557w, https:\/\/www.sonoraenequipo.com.mx\/storage\/2026\/05\/70-edicion-de-Eurovision-en-Viena-Austria-733x480.jpg 733w, https:\/\/www.sonoraenequipo.com.mx\/storage\/2026\/05\/70-edicion-de-Eurovision-en-Viena-Austria-427x280.jpg 427w, https:\/\/www.sonoraenequipo.com.mx\/storage\/2026\/05\/70-edicion-de-Eurovision-en-Viena-Austria-768x503.jpg 768w, https:\/\/www.sonoraenequipo.com.mx\/storage\/2026\/05\/70-edicion-de-Eurovision-en-Viena-Austria.jpg 1000w\" sizes=\"auto, (max-width: 557px) 100vw, 557px\" loading=\"lazy\" decoding=\"async\" \/>                        <\/a>\n\n                      <\/div>\n                    <\/div>\n                  <\/figure>\n\n                                    <figcaption>\n                    <div class=\"figure-categories figure-categories-bg\">\n                      <ul class=\"cat-links\"><li class=\"meta-category\">\n                             <a class=\"covernews-categories category-color-1\"\n                            href=\"https:\/\/www.sonoraenequipo.com.mx\/mundo\/\" \n                            aria-label=\"Ver todas las publicaciones en MUNDO\"> \n                                 MUNDO\n                             <\/a>\n                        <\/li><li class=\"meta-category\">\n                             <a class=\"covernews-categories category-color-1\"\n                            href=\"https:\/\/www.sonoraenequipo.com.mx\/showbiz\/\" \n                            aria-label=\"Ver todas las publicaciones en Showbiz\"> \n                                 Showbiz\n                             <\/a>\n                        <\/li><\/ul>                    <\/div>\n                    <h3 class=\"article-title article-title-1\">\n                      <a href=\"https:\/\/www.sonoraenequipo.com.mx\/anuncian-varios-paises-su-salida-de-eurovision-2026-por-participacion-de-israel\/\">\n                        Anuncian varios pa\u00edses su salida de Eurovisi\u00f3n 2026 por participaci\u00f3n de Israel                      <\/a>\n                    <\/h3>\n                    <div class=\"grid-item-metadata\">\n                      \n    <span class=\"author-links\">\n\n      \n        <span class=\"item-metadata posts-author\">\n          <i class=\"far fa-user-circle\"><\/i>\n                          <a href=\"https:\/\/www.sonoraenequipo.com.mx\/profile\/admin\/\">\n                    enequipo                <\/a>\n               <\/span>\n                            <span class=\"aft-comment-count\">\n            <a href=\"https:\/\/www.sonoraenequipo.com.mx\/anuncian-varios-paises-su-salida-de-eurovision-2026-por-participacion-de-israel\/\">\n              <i class=\"far fa-comment\"><\/i>\n              <span class=\"aft-show-hover\">\n                0              <\/span>\n            <\/a>\n          <\/span>\n          <\/span>\n                    <\/div>\n                  <\/figcaption>\n                <\/div>\n\n              \n                <div class=\"spotlight-post\">\n                  <figure class=\"categorised-article\">\n                    <div class=\"categorised-article-wrapper\">\n                      <div class=\"data-bg-hover data-bg-categorised read-bg-img\">\n                        <a href=\"https:\/\/www.sonoraenequipo.com.mx\/operacion-de-agentes-de-eu-en-mexico-no-es-menor-sheinbaum\/\"\n                          aria-label=\"Operaci\u00f3n de agentes de EU en M\u00e9xico \u00abno es menor\u00bb: Sheinbaum\">\n                          <img width=\"604\" height=\"365\" src=\"https:\/\/www.sonoraenequipo.com.mx\/storage\/2026\/04\/claudia-sheinbaum.2304.26-1-604x365.jpg\" class=\"attachment-medium size-medium wp-post-image\" alt=\"claudia sheinbaum.2304.26 (1)\" srcset=\"https:\/\/www.sonoraenequipo.com.mx\/storage\/2026\/04\/claudia-sheinbaum.2304.26-1-604x365.jpg 604w, https:\/\/www.sonoraenequipo.com.mx\/storage\/2026\/04\/claudia-sheinbaum.2304.26-1-795x480.jpg 795w, https:\/\/www.sonoraenequipo.com.mx\/storage\/2026\/04\/claudia-sheinbaum.2304.26-1-464x280.jpg 464w, https:\/\/www.sonoraenequipo.com.mx\/storage\/2026\/04\/claudia-sheinbaum.2304.26-1-768x464.jpg 768w, https:\/\/www.sonoraenequipo.com.mx\/storage\/2026\/04\/claudia-sheinbaum.2304.26-1.jpg 1000w\" sizes=\"auto, (max-width: 604px) 100vw, 604px\" loading=\"lazy\" decoding=\"async\" \/>                        <\/a>\n\n                      <\/div>\n                    <\/div>\n                  <\/figure>\n\n                                    <figcaption>\n                    <div class=\"figure-categories figure-categories-bg\">\n                      <ul class=\"cat-links\"><li class=\"meta-category\">\n                             <a class=\"covernews-categories category-color-1\"\n                            href=\"https:\/\/www.sonoraenequipo.com.mx\/showbiz\/\" \n                            aria-label=\"Ver todas las publicaciones en Showbiz\"> \n                                 Showbiz\n                             <\/a>\n                        <\/li><\/ul>                    <\/div>\n                    <h3 class=\"article-title article-title-1\">\n                      <a href=\"https:\/\/www.sonoraenequipo.com.mx\/operacion-de-agentes-de-eu-en-mexico-no-es-menor-sheinbaum\/\">\n                        Operaci\u00f3n de agentes de EU en M\u00e9xico \u00abno es menor\u00bb: Sheinbaum                      <\/a>\n                    <\/h3>\n                    <div class=\"grid-item-metadata\">\n                      \n    <span class=\"author-links\">\n\n      \n        <span class=\"item-metadata posts-author\">\n          <i class=\"far fa-user-circle\"><\/i>\n                          <a href=\"https:\/\/www.sonoraenequipo.com.mx\/profile\/admin\/\">\n                    enequipo                <\/a>\n               <\/span>\n                            <span class=\"aft-comment-count\">\n            <a href=\"https:\/\/www.sonoraenequipo.com.mx\/operacion-de-agentes-de-eu-en-mexico-no-es-menor-sheinbaum\/\">\n              <i class=\"far fa-comment\"><\/i>\n              <span class=\"aft-show-hover\">\n                0              <\/span>\n            <\/a>\n          <\/span>\n          <\/span>\n                    <\/div>\n                  <\/figcaption>\n                <\/div>\n\n              \n                <div class=\"spotlight-post\">\n                  <figure class=\"categorised-article\">\n                    <div class=\"categorised-article-wrapper\">\n                      <div class=\"data-bg-hover data-bg-categorised read-bg-img\">\n                        <a href=\"https:\/\/www.sonoraenequipo.com.mx\/la-colombiana-que-quiere-conquistar-el-mundo\/\"\n                          aria-label=\"La colombiana que quiere conquistar el mundo\">\n                          <img width=\"548\" height=\"365\" src=\"https:\/\/www.sonoraenequipo.com.mx\/storage\/2026\/04\/Karol-G-548x365.jpg\" class=\"attachment-medium size-medium wp-post-image\" alt=\"Karol G\" srcset=\"https:\/\/www.sonoraenequipo.com.mx\/storage\/2026\/04\/Karol-G-548x365.jpg 548w, https:\/\/www.sonoraenequipo.com.mx\/storage\/2026\/04\/Karol-G-420x280.jpg 420w, https:\/\/www.sonoraenequipo.com.mx\/storage\/2026\/04\/Karol-G-272x182.jpg 272w, https:\/\/www.sonoraenequipo.com.mx\/storage\/2026\/04\/Karol-G.jpg 600w\" sizes=\"auto, (max-width: 548px) 100vw, 548px\" loading=\"lazy\" decoding=\"async\" \/>                        <\/a>\n\n                      <\/div>\n                    <\/div>\n                  <\/figure>\n\n                                    <figcaption>\n                    <div class=\"figure-categories figure-categories-bg\">\n                      <ul class=\"cat-links\"><li class=\"meta-category\">\n                             <a class=\"covernews-categories category-color-1\"\n                            href=\"https:\/\/www.sonoraenequipo.com.mx\/showbiz\/\" \n                            aria-label=\"Ver todas las publicaciones en Showbiz\"> \n                                 Showbiz\n                             <\/a>\n                        <\/li><\/ul>                    <\/div>\n                    <h3 class=\"article-title article-title-1\">\n                      <a href=\"https:\/\/www.sonoraenequipo.com.mx\/la-colombiana-que-quiere-conquistar-el-mundo\/\">\n                        La colombiana que quiere conquistar el mundo                      <\/a>\n                    <\/h3>\n                    <div class=\"grid-item-metadata\">\n                      \n    <span class=\"author-links\">\n\n      \n        <span class=\"item-metadata posts-author\">\n          <i class=\"far fa-user-circle\"><\/i>\n                          <a href=\"https:\/\/www.sonoraenequipo.com.mx\/profile\/admin\/\">\n                    enequipo                <\/a>\n               <\/span>\n                            <span class=\"aft-comment-count\">\n            <a href=\"https:\/\/www.sonoraenequipo.com.mx\/la-colombiana-que-quiere-conquistar-el-mundo\/\">\n              <i class=\"far fa-comment\"><\/i>\n              <span class=\"aft-show-hover\">\n                0              <\/span>\n            <\/a>\n          <\/span>\n          <\/span>\n                    <\/div>\n                  <\/figcaption>\n                <\/div>\n\n              \n                <div class=\"spotlight-post\">\n                  <figure class=\"categorised-article\">\n                    <div class=\"categorised-article-wrapper\">\n                      <div class=\"data-bg-hover data-bg-categorised read-bg-img\">\n                        <a href=\"https:\/\/www.sonoraenequipo.com.mx\/murio-maria-nieves-iconica-bailarina-argentina-de-tango\/\"\n                          aria-label=\"\u00a0Muri\u00f3 Mar\u00eda Nieves, ic\u00f3nica bailarina argentina de tango\">\n                          <img width=\"548\" height=\"365\" src=\"https:\/\/www.sonoraenequipo.com.mx\/storage\/2026\/04\/nieves-548x365.jpg\" class=\"attachment-medium size-medium wp-post-image\" alt=\"nieves\" srcset=\"https:\/\/www.sonoraenequipo.com.mx\/storage\/2026\/04\/nieves-548x365.jpg 548w, https:\/\/www.sonoraenequipo.com.mx\/storage\/2026\/04\/nieves-420x280.jpg 420w, https:\/\/www.sonoraenequipo.com.mx\/storage\/2026\/04\/nieves-272x182.jpg 272w, https:\/\/www.sonoraenequipo.com.mx\/storage\/2026\/04\/nieves.jpg 600w\" sizes=\"auto, (max-width: 548px) 100vw, 548px\" loading=\"lazy\" decoding=\"async\" \/>                        <\/a>\n\n                      <\/div>\n                    <\/div>\n                  <\/figure>\n\n                                    <figcaption>\n                    <div class=\"figure-categories figure-categories-bg\">\n                      <ul class=\"cat-links\"><li class=\"meta-category\">\n                             <a class=\"covernews-categories category-color-1\"\n                            href=\"https:\/\/www.sonoraenequipo.com.mx\/showbiz\/\" \n                            aria-label=\"Ver todas las publicaciones en Showbiz\"> \n                                 Showbiz\n                             <\/a>\n                        <\/li><\/ul>                    <\/div>\n                    <h3 class=\"article-title article-title-1\">\n                      <a href=\"https:\/\/www.sonoraenequipo.com.mx\/murio-maria-nieves-iconica-bailarina-argentina-de-tango\/\">\n                        \u00a0Muri\u00f3 Mar\u00eda Nieves, ic\u00f3nica bailarina argentina de tango                      <\/a>\n                    <\/h3>\n                    <div class=\"grid-item-metadata\">\n                      \n    <span class=\"author-links\">\n\n      \n        <span class=\"item-metadata posts-author\">\n          <i class=\"far fa-user-circle\"><\/i>\n                          <a href=\"https:\/\/www.sonoraenequipo.com.mx\/profile\/admin\/\">\n                    enequipo                <\/a>\n               <\/span>\n                            <span class=\"aft-comment-count\">\n            <a href=\"https:\/\/www.sonoraenequipo.com.mx\/murio-maria-nieves-iconica-bailarina-argentina-de-tango\/\">\n              <i class=\"far fa-comment\"><\/i>\n              <span class=\"aft-show-hover\">\n                0              <\/span>\n            <\/a>\n          <\/span>\n          <\/span>\n                    <\/div>\n                  <\/figcaption>\n                <\/div>\n\n                                    <\/div>\n\n          <div class=\"col-sm-6 list\">\n                <h2 class=\"widget-title header-after1\">\n      <span class=\"header-after \">\n                DEPORTES      <\/span>\n    <\/h2>\n                        \n                <div class=\"spotlight-post\">\n                  <figure class=\"categorised-article\">\n                    <div class=\"categorised-article-wrapper\">\n                      <div class=\"data-bg-hover data-bg-categorised read-bg-img\">\n                        <a href=\"https:\/\/www.sonoraenequipo.com.mx\/gobernador-durazo-forja-futuros-lideres-del-deporte-con-mundialito-escolar-2026\/\"\n                          aria-label=\"Gobernador Durazo forja futuros l\u00edderes del deporte con Mundialito Escolar 2026\">\n                          <img width=\"420\" height=\"280\" src=\"https:\/\/www.sonoraenequipo.com.mx\/storage\/2026\/05\/mundialito-sonora-420x280.jpg\" class=\"attachment-thumbnail size-thumbnail wp-post-image\" alt=\"mundialito sonora\" srcset=\"https:\/\/www.sonoraenequipo.com.mx\/storage\/2026\/05\/mundialito-sonora-420x280.jpg 420w, https:\/\/www.sonoraenequipo.com.mx\/storage\/2026\/05\/mundialito-sonora-548x365.jpg 548w, https:\/\/www.sonoraenequipo.com.mx\/storage\/2026\/05\/mundialito-sonora-272x182.jpg 272w, https:\/\/www.sonoraenequipo.com.mx\/storage\/2026\/05\/mundialito-sonora.jpg 600w\" sizes=\"auto, (max-width: 420px) 100vw, 420px\" loading=\"lazy\" decoding=\"async\" \/>                        <\/a>\n\n                      <\/div>\n                    <\/div>\n                  <\/figure>\n                                    <figcaption>\n                    <div class=\"figure-categories figure-categories-bg\">\n\n                      <ul class=\"cat-links\"><li class=\"meta-category\">\n                             <a class=\"covernews-categories category-color-1\"\n                            href=\"https:\/\/www.sonoraenequipo.com.mx\/deportes\/\" \n                            aria-label=\"Ver todas las publicaciones en Deportes\"> \n                                 Deportes\n                             <\/a>\n                        <\/li><\/ul>                    <\/div>\n                    <h3 class=\"article-title article-title-1\">\n                      <a href=\"https:\/\/www.sonoraenequipo.com.mx\/gobernador-durazo-forja-futuros-lideres-del-deporte-con-mundialito-escolar-2026\/\">\n                        Gobernador Durazo forja futuros l\u00edderes del deporte con Mundialito Escolar 2026                      <\/a>\n                    <\/h3>\n                    <div class=\"grid-item-metadata\">\n                      \n    <span class=\"author-links\">\n\n      \n        <span class=\"item-metadata posts-author\">\n          <i class=\"far fa-user-circle\"><\/i>\n                          <a href=\"https:\/\/www.sonoraenequipo.com.mx\/profile\/admin\/\">\n                    enequipo                <\/a>\n               <\/span>\n                            <span class=\"aft-comment-count\">\n            <a href=\"https:\/\/www.sonoraenequipo.com.mx\/gobernador-durazo-forja-futuros-lideres-del-deporte-con-mundialito-escolar-2026\/\">\n              <i class=\"far fa-comment\"><\/i>\n              <span class=\"aft-show-hover\">\n                0              <\/span>\n            <\/a>\n          <\/span>\n          <\/span>\n                    <\/div>\n                  <\/figcaption>\n                <\/div>\n\n              \n                <div class=\"spotlight-post\">\n                  <figure class=\"categorised-article\">\n                    <div class=\"categorised-article-wrapper\">\n                      <div class=\"data-bg-hover data-bg-categorised read-bg-img\">\n                        <a href=\"https:\/\/www.sonoraenequipo.com.mx\/mundial-2026-en-cdmx-publican-reglas-para-el-fifa-fan-fest\/\"\n                          aria-label=\"Mundial 2026 en CDMX: publican reglas para el FIFA Fan Fest\">\n                          <img width=\"498\" height=\"280\" src=\"https:\/\/www.sonoraenequipo.com.mx\/storage\/2026\/05\/Mundial.-publican-reglasa-para-el-fifa-1-498x280.jpg\" class=\"attachment-thumbnail size-thumbnail wp-post-image\" alt=\"Mundial. publican reglasa para el fifa (1)\" srcset=\"https:\/\/www.sonoraenequipo.com.mx\/storage\/2026\/05\/Mundial.-publican-reglasa-para-el-fifa-1-498x280.jpg 498w, https:\/\/www.sonoraenequipo.com.mx\/storage\/2026\/05\/Mundial.-publican-reglasa-para-el-fifa-1-649x365.jpg 649w, https:\/\/www.sonoraenequipo.com.mx\/storage\/2026\/05\/Mundial.-publican-reglasa-para-el-fifa-1-840x472.jpg 840w, https:\/\/www.sonoraenequipo.com.mx\/storage\/2026\/05\/Mundial.-publican-reglasa-para-el-fifa-1-768x432.jpg 768w, https:\/\/www.sonoraenequipo.com.mx\/storage\/2026\/05\/Mundial.-publican-reglasa-para-el-fifa-1.jpg 1000w\" sizes=\"auto, (max-width: 498px) 100vw, 498px\" loading=\"lazy\" decoding=\"async\" \/>                        <\/a>\n\n                      <\/div>\n                    <\/div>\n                  <\/figure>\n                                    <figcaption>\n                    <div class=\"figure-categories figure-categories-bg\">\n\n                      <ul class=\"cat-links\"><li class=\"meta-category\">\n                             <a class=\"covernews-categories category-color-1\"\n                            href=\"https:\/\/www.sonoraenequipo.com.mx\/deportes\/\" \n                            aria-label=\"Ver todas las publicaciones en Deportes\"> \n                                 Deportes\n                             <\/a>\n                        <\/li><li class=\"meta-category\">\n                             <a class=\"covernews-categories category-color-1\"\n                            href=\"https:\/\/www.sonoraenequipo.com.mx\/elpais\/\" \n                            aria-label=\"Ver todas las publicaciones en Rep\u00fablica\"> \n                                 Rep\u00fablica\n                             <\/a>\n                        <\/li><\/ul>                    <\/div>\n                    <h3 class=\"article-title article-title-1\">\n                      <a href=\"https:\/\/www.sonoraenequipo.com.mx\/mundial-2026-en-cdmx-publican-reglas-para-el-fifa-fan-fest\/\">\n                        Mundial 2026 en CDMX: publican reglas para el FIFA Fan Fest                      <\/a>\n                    <\/h3>\n                    <div class=\"grid-item-metadata\">\n                      \n    <span class=\"author-links\">\n\n      \n        <span class=\"item-metadata posts-author\">\n          <i class=\"far fa-user-circle\"><\/i>\n                          <a href=\"https:\/\/www.sonoraenequipo.com.mx\/profile\/admin\/\">\n                    enequipo                <\/a>\n               <\/span>\n                            <span class=\"aft-comment-count\">\n            <a href=\"https:\/\/www.sonoraenequipo.com.mx\/mundial-2026-en-cdmx-publican-reglas-para-el-fifa-fan-fest\/\">\n              <i class=\"far fa-comment\"><\/i>\n              <span class=\"aft-show-hover\">\n                0              <\/span>\n            <\/a>\n          <\/span>\n          <\/span>\n                    <\/div>\n                  <\/figcaption>\n                <\/div>\n\n              \n                <div class=\"spotlight-post\">\n                  <figure class=\"categorised-article\">\n                    <div class=\"categorised-article-wrapper\">\n                      <div class=\"data-bg-hover data-bg-categorised read-bg-img\">\n                        <a href=\"https:\/\/www.sonoraenequipo.com.mx\/apoya-tono-astiazaran-a-mas-de-3-mil-deportistas-a-traves-del-fondo-deportivo\/\"\n                          aria-label=\"Apoya To\u00f1o Astiazar\u00e1n a m\u00e1s de 3 mil deportistas a trav\u00e9s del Fondo Deportivo\">\n                          <img width=\"420\" height=\"280\" src=\"https:\/\/www.sonoraenequipo.com.mx\/storage\/2026\/05\/tono-deportistas-420x280.jpg\" class=\"attachment-thumbnail size-thumbnail wp-post-image\" alt=\"to\u00f1o deportistas\" srcset=\"https:\/\/www.sonoraenequipo.com.mx\/storage\/2026\/05\/tono-deportistas-420x280.jpg 420w, https:\/\/www.sonoraenequipo.com.mx\/storage\/2026\/05\/tono-deportistas-548x365.jpg 548w, https:\/\/www.sonoraenequipo.com.mx\/storage\/2026\/05\/tono-deportistas-272x182.jpg 272w, https:\/\/www.sonoraenequipo.com.mx\/storage\/2026\/05\/tono-deportistas.jpg 600w\" sizes=\"auto, (max-width: 420px) 100vw, 420px\" loading=\"lazy\" decoding=\"async\" \/>                        <\/a>\n\n                      <\/div>\n                    <\/div>\n                  <\/figure>\n                                    <figcaption>\n                    <div class=\"figure-categories figure-categories-bg\">\n\n                      <ul class=\"cat-links\"><li class=\"meta-category\">\n                             <a class=\"covernews-categories category-color-1\"\n                            href=\"https:\/\/www.sonoraenequipo.com.mx\/deportes\/\" \n                            aria-label=\"Ver todas las publicaciones en Deportes\"> \n                                 Deportes\n                             <\/a>\n                        <\/li><\/ul>                    <\/div>\n                    <h3 class=\"article-title article-title-1\">\n                      <a href=\"https:\/\/www.sonoraenequipo.com.mx\/apoya-tono-astiazaran-a-mas-de-3-mil-deportistas-a-traves-del-fondo-deportivo\/\">\n                        Apoya To\u00f1o Astiazar\u00e1n a m\u00e1s de 3 mil deportistas a trav\u00e9s del Fondo Deportivo                      <\/a>\n                    <\/h3>\n                    <div class=\"grid-item-metadata\">\n                      \n    <span class=\"author-links\">\n\n      \n        <span class=\"item-metadata posts-author\">\n          <i class=\"far fa-user-circle\"><\/i>\n                          <a href=\"https:\/\/www.sonoraenequipo.com.mx\/profile\/admin\/\">\n                    enequipo                <\/a>\n               <\/span>\n                            <span class=\"aft-comment-count\">\n            <a href=\"https:\/\/www.sonoraenequipo.com.mx\/apoya-tono-astiazaran-a-mas-de-3-mil-deportistas-a-traves-del-fondo-deportivo\/\">\n              <i class=\"far fa-comment\"><\/i>\n              <span class=\"aft-show-hover\">\n                0              <\/span>\n            <\/a>\n          <\/span>\n          <\/span>\n                    <\/div>\n                  <\/figcaption>\n                <\/div>\n\n              \n                <div class=\"spotlight-post\">\n                  <figure class=\"categorised-article\">\n                    <div class=\"categorised-article-wrapper\">\n                      <div class=\"data-bg-hover data-bg-categorised read-bg-img\">\n                        <a href=\"https:\/\/www.sonoraenequipo.com.mx\/sonora-ira-por-el-oro-de-la-categoria-junior-en-la-olimpiada-nacional-de-beisbol\/\"\n                          aria-label=\"Sonora ir\u00e1 por el oro de la categor\u00eda Junior en la Olimpiada Nacional de Beisbol\">\n                          <img width=\"420\" height=\"280\" src=\"https:\/\/www.sonoraenequipo.com.mx\/storage\/2026\/05\/beisbol-junior-sonora-420x280.jpg\" class=\"attachment-thumbnail size-thumbnail wp-post-image\" alt=\"beisbol junior sonora\" srcset=\"https:\/\/www.sonoraenequipo.com.mx\/storage\/2026\/05\/beisbol-junior-sonora-420x280.jpg 420w, https:\/\/www.sonoraenequipo.com.mx\/storage\/2026\/05\/beisbol-junior-sonora-548x365.jpg 548w, https:\/\/www.sonoraenequipo.com.mx\/storage\/2026\/05\/beisbol-junior-sonora-272x182.jpg 272w, https:\/\/www.sonoraenequipo.com.mx\/storage\/2026\/05\/beisbol-junior-sonora.jpg 600w\" sizes=\"auto, (max-width: 420px) 100vw, 420px\" loading=\"lazy\" decoding=\"async\" \/>                        <\/a>\n\n                      <\/div>\n                    <\/div>\n                  <\/figure>\n                                    <figcaption>\n                    <div class=\"figure-categories figure-categories-bg\">\n\n                      <ul class=\"cat-links\"><li class=\"meta-category\">\n                             <a class=\"covernews-categories category-color-1\"\n                            href=\"https:\/\/www.sonoraenequipo.com.mx\/deportes\/\" \n                            aria-label=\"Ver todas las publicaciones en Deportes\"> \n                                 Deportes\n                             <\/a>\n                        <\/li><\/ul>                    <\/div>\n                    <h3 class=\"article-title article-title-1\">\n                      <a href=\"https:\/\/www.sonoraenequipo.com.mx\/sonora-ira-por-el-oro-de-la-categoria-junior-en-la-olimpiada-nacional-de-beisbol\/\">\n                        Sonora ir\u00e1 por el oro de la categor\u00eda Junior en la Olimpiada Nacional de Beisbol                      <\/a>\n                    <\/h3>\n                    <div class=\"grid-item-metadata\">\n                      \n    <span class=\"author-links\">\n\n      \n        <span class=\"item-metadata posts-author\">\n          <i class=\"far fa-user-circle\"><\/i>\n                          <a href=\"https:\/\/www.sonoraenequipo.com.mx\/profile\/admin\/\">\n                    enequipo                <\/a>\n               <\/span>\n                            <span class=\"aft-comment-count\">\n            <a href=\"https:\/\/www.sonoraenequipo.com.mx\/sonora-ira-por-el-oro-de-la-categoria-junior-en-la-olimpiada-nacional-de-beisbol\/\">\n              <i class=\"far fa-comment\"><\/i>\n              <span class=\"aft-show-hover\">\n                0              <\/span>\n            <\/a>\n          <\/span>\n          <\/span>\n                    <\/div>\n                  <\/figcaption>\n                <\/div>\n\n              \n                <div class=\"spotlight-post\">\n                  <figure class=\"categorised-article\">\n                    <div class=\"categorised-article-wrapper\">\n                      <div class=\"data-bg-hover data-bg-categorised read-bg-img\">\n                        <a href=\"https:\/\/www.sonoraenequipo.com.mx\/la-seleccion-junior-de-sonora-pasa-a-las-semifinales-de-olimpiada-nacional-de-beisbol\/\"\n                          aria-label=\"La selecci\u00f3n junior de Sonora pasa a las semifinales de Olimpiada Nacional de Beisbol\">\n                          <img width=\"419\" height=\"280\" src=\"https:\/\/www.sonoraenequipo.com.mx\/storage\/2026\/05\/beisbol-sonora-419x280.jpg\" class=\"attachment-thumbnail size-thumbnail wp-post-image\" alt=\"beisbol sonora\" srcset=\"https:\/\/www.sonoraenequipo.com.mx\/storage\/2026\/05\/beisbol-sonora-419x280.jpg 419w, https:\/\/www.sonoraenequipo.com.mx\/storage\/2026\/05\/beisbol-sonora-546x365.jpg 546w, https:\/\/www.sonoraenequipo.com.mx\/storage\/2026\/05\/beisbol-sonora-272x182.jpg 272w, https:\/\/www.sonoraenequipo.com.mx\/storage\/2026\/05\/beisbol-sonora.jpg 600w\" sizes=\"auto, (max-width: 419px) 100vw, 419px\" loading=\"lazy\" decoding=\"async\" \/>                        <\/a>\n\n                      <\/div>\n                    <\/div>\n                  <\/figure>\n                                    <figcaption>\n                    <div class=\"figure-categories figure-categories-bg\">\n\n                      <ul class=\"cat-links\"><li class=\"meta-category\">\n                             <a class=\"covernews-categories category-color-1\"\n                            href=\"https:\/\/www.sonoraenequipo.com.mx\/deportes\/\" \n                            aria-label=\"Ver todas las publicaciones en Deportes\"> \n                                 Deportes\n                             <\/a>\n                        <\/li><\/ul>                    <\/div>\n                    <h3 class=\"article-title article-title-1\">\n                      <a href=\"https:\/\/www.sonoraenequipo.com.mx\/la-seleccion-junior-de-sonora-pasa-a-las-semifinales-de-olimpiada-nacional-de-beisbol\/\">\n                        La selecci\u00f3n junior de Sonora pasa a las semifinales de Olimpiada Nacional de Beisbol                      <\/a>\n                    <\/h3>\n                    <div class=\"grid-item-metadata\">\n                      \n    <span class=\"author-links\">\n\n      \n        <span class=\"item-metadata posts-author\">\n          <i class=\"far fa-user-circle\"><\/i>\n                          <a href=\"https:\/\/www.sonoraenequipo.com.mx\/profile\/admin\/\">\n                    enequipo                <\/a>\n               <\/span>\n                            <span class=\"aft-comment-count\">\n            <a href=\"https:\/\/www.sonoraenequipo.com.mx\/la-seleccion-junior-de-sonora-pasa-a-las-semifinales-de-olimpiada-nacional-de-beisbol\/\">\n              <i class=\"far fa-comment\"><\/i>\n              <span class=\"aft-show-hover\">\n                0              <\/span>\n            <\/a>\n          <\/span>\n          <\/span>\n                    <\/div>\n                  <\/figcaption>\n                <\/div>\n\n                                    <\/div>\n        <\/div>\n      <\/div>\n\n<\/div><\/div><\/div><div id=\"pg-97290-12\"  class=\"panel-grid panel-no-style\" ><div id=\"pgc-97290-12-0\"  class=\"panel-grid-cell panel-grid-cell-empty\" ><\/div><\/div><\/div>","protected":false},"excerpt":{"rendered":"<p>[vc_row][vc_column][vc_column_text] [\/vc_column_text][\/vc_column][\/vc_row]<\/p>\n","protected":false},"author":1,"featured_media":0,"parent":0,"menu_order":0,"comment_status":"closed","ping_status":"closed","template":"","meta":{"_monsterinsights_skip_tracking":false,"_monsterinsights_sitenote_active":false,"_monsterinsights_sitenote_note":"","_monsterinsights_sitenote_category":0,"footnotes":""},"class_list":["page"],"yoast_head":" \n<title>SONORA EN EQUIPO<\/title>\n<meta name=\"description\" content=\"Sonora en Equipo. Diario en l\u00ednea con la mejor informaci\u00f3n desde Hermosillo, Sonora y Mexico.\" \/>\n<meta name=\"robots\" content=\"index, follow, max-snippet:-1, max-image-preview:large, max-video-preview:-1, noarchive\" \/>\n<link rel=\"canonical\" href=\"https:\/\/www.sonoraenequipo.com.mx\/\" \/>\n<meta property=\"og:locale\" content=\"es_ES\" \/>\n<meta property=\"og:type\" content=\"article\" \/>\n<meta property=\"og:title\" content=\"SONORA EN EQUIPO\" \/>\n<meta property=\"og:description\" content=\"Sonora en Equipo. Diario en l\u00ednea con la mejor informaci\u00f3n desde Hermosillo, Sonora y Mexico.\" \/>\n<meta property=\"og:url\" content=\"https:\/\/www.sonoraenequipo.com.mx\/\" \/>\n<meta property=\"og:site_name\" content=\"Sonora en Equipo.\" \/>\n<meta property=\"article:publisher\" content=\"https:\/\/www.facebook.com\/SonoraEE\/\" \/>\n<meta property=\"article:modified_time\" content=\"2026-05-02T04:51:23+00:00\" \/>\n<meta name=\"twitter:card\" content=\"summary_large_image\" \/>\n<meta name=\"twitter:site\" content=\"@sonoraenequipo\" \/>\n<meta name=\"twitter:label1\" content=\"Tiempo de lectura\" \/>\n\t<meta name=\"twitter:data1\" content=\"1 minuto\" \/>\n<script type=\"application\/ld+json\" class=\"yoast-schema-graph\">{\"@context\":\"https:\/\/schema.org\",\"@graph\":[{\"@type\":\"WebPage\",\"@id\":\"https:\/\/www.sonoraenequipo.com.mx\/\",\"url\":\"https:\/\/www.sonoraenequipo.com.mx\/\",\"name\":\"SONORA EN EQUIPO\",\"isPartOf\":{\"@id\":\"https:\/\/www.sonoraenequipo.com.mx\/#website\"},\"datePublished\":\"2022-02-28T07:04:11+00:00\",\"dateModified\":\"2026-05-02T04:51:23+00:00\",\"description\":\"Sonora en Equipo. Diario en l\u00ednea con la mejor informaci\u00f3n desde Hermosillo, Sonora y Mexico.\",\"breadcrumb\":{\"@id\":\"https:\/\/www.sonoraenequipo.com.mx\/#breadcrumb\"},\"inLanguage\":\"es\",\"potentialAction\":[{\"@type\":\"ReadAction\",\"target\":[\"https:\/\/www.sonoraenequipo.com.mx\/\"]}]},{\"@type\":\"BreadcrumbList\",\"@id\":\"https:\/\/www.sonoraenequipo.com.mx\/#breadcrumb\",\"itemListElement\":[{\"@type\":\"ListItem\",\"position\":1,\"name\":\"Portada\",\"item\":\"https:\/\/www.sonoraenequipo.com.mx\/\"},{\"@type\":\"ListItem\",\"position\":2,\"name\":\"SONORA EN EQUIPO\"}]},{\"@type\":\"WebSite\",\"@id\":\"https:\/\/www.sonoraenequipo.com.mx\/#website\",\"url\":\"https:\/\/www.sonoraenequipo.com.mx\/\",\"name\":\"Sonora en Equipo.\",\"description\":\"Diario en l\u00ednea con Noticias desde Hermosillo, Sonora\",\"publisher\":{\"@id\":\"https:\/\/www.sonoraenequipo.com.mx\/#organization\"},\"potentialAction\":[{\"@type\":\"SearchAction\",\"target\":{\"@type\":\"EntryPoint\",\"urlTemplate\":\"https:\/\/www.sonoraenequipo.com.mx\/?s={search_term_string}\"},\"query-input\":{\"@type\":\"PropertyValueSpecification\",\"valueRequired\":true,\"valueName\":\"search_term_string\"}}],\"inLanguage\":\"es\"},{\"@type\":\"Organization\",\"@id\":\"https:\/\/www.sonoraenequipo.com.mx\/#organization\",\"name\":\"Sonoraenequipo.com.mx\",\"url\":\"https:\/\/www.sonoraenequipo.com.mx\/\",\"logo\":{\"@type\":\"ImageObject\",\"inLanguage\":\"es\",\"@id\":\"https:\/\/www.sonoraenequipo.com.mx\/#\/schema\/logo\/image\/\",\"url\":\"https:\/\/www.sonoraenequipo.com.mx\/storage\/2019\/01\/sonoraenequipo_opt.png\",\"contentUrl\":\"https:\/\/www.sonoraenequipo.com.mx\/storage\/2019\/01\/sonoraenequipo_opt.png\",\"width\":375,\"height\":125,\"caption\":\"Sonoraenequipo.com.mx\"},\"image\":{\"@id\":\"https:\/\/www.sonoraenequipo.com.mx\/#\/schema\/logo\/image\/\"},\"sameAs\":[\"https:\/\/www.facebook.com\/SonoraEE\/\",\"https:\/\/x.com\/sonoraenequipo\",\"https:\/\/www.youtube.com\/channel\/UC338nW-lPEYmJQs4ZABQ1SQ\"]}]}<\/script>\n ","yoast_head_json":{"title":"SONORA EN EQUIPO","description":"Sonora en Equipo. Diario en l\u00ednea con la mejor informaci\u00f3n desde Hermosillo, Sonora y Mexico.","robots":{"index":"index","follow":"follow","max-snippet":"max-snippet:-1","max-image-preview":"max-image-preview:large","max-video-preview":"max-video-preview:-1","archive":"noarchive"},"canonical":"https:\/\/www.sonoraenequipo.com.mx\/","og_locale":"es_ES","og_type":"article","og_title":"SONORA EN EQUIPO","og_description":"Sonora en Equipo. Diario en l\u00ednea con la mejor informaci\u00f3n desde Hermosillo, Sonora y Mexico.","og_url":"https:\/\/www.sonoraenequipo.com.mx\/","og_site_name":"Sonora en Equipo.","article_publisher":"https:\/\/www.facebook.com\/SonoraEE\/","article_modified_time":"2026-05-02T04:51:23+00:00","twitter_card":"summary_large_image","twitter_site":"@sonoraenequipo","twitter_misc":{"Tiempo de lectura":"1 minuto"},"schema":{"@context":"https:\/\/schema.org","@graph":[{"@type":"WebPage","@id":"https:\/\/www.sonoraenequipo.com.mx\/","url":"https:\/\/www.sonoraenequipo.com.mx\/","name":"SONORA EN EQUIPO","isPartOf":{"@id":"https:\/\/www.sonoraenequipo.com.mx\/#website"},"datePublished":"2022-02-28T07:04:11+00:00","dateModified":"2026-05-02T04:51:23+00:00","description":"Sonora en Equipo. Diario en l\u00ednea con la mejor informaci\u00f3n desde Hermosillo, Sonora y Mexico.","breadcrumb":{"@id":"https:\/\/www.sonoraenequipo.com.mx\/#breadcrumb"},"inLanguage":"es","potentialAction":[{"@type":"ReadAction","target":["https:\/\/www.sonoraenequipo.com.mx\/"]}]},{"@type":"BreadcrumbList","@id":"https:\/\/www.sonoraenequipo.com.mx\/#breadcrumb","itemListElement":[{"@type":"ListItem","position":1,"name":"Portada","item":"https:\/\/www.sonoraenequipo.com.mx\/"},{"@type":"ListItem","position":2,"name":"SONORA EN EQUIPO"}]},{"@type":"WebSite","@id":"https:\/\/www.sonoraenequipo.com.mx\/#website","url":"https:\/\/www.sonoraenequipo.com.mx\/","name":"Sonora en Equipo.","description":"Diario en l\u00ednea con Noticias desde Hermosillo, Sonora","publisher":{"@id":"https:\/\/www.sonoraenequipo.com.mx\/#organization"},"potentialAction":[{"@type":"SearchAction","target":{"@type":"EntryPoint","urlTemplate":"https:\/\/www.sonoraenequipo.com.mx\/?s={search_term_string}"},"query-input":{"@type":"PropertyValueSpecification","valueRequired":true,"valueName":"search_term_string"}}],"inLanguage":"es"},{"@type":"Organization","@id":"https:\/\/www.sonoraenequipo.com.mx\/#organization","name":"Sonoraenequipo.com.mx","url":"https:\/\/www.sonoraenequipo.com.mx\/","logo":{"@type":"ImageObject","inLanguage":"es","@id":"https:\/\/www.sonoraenequipo.com.mx\/#\/schema\/logo\/image\/","url":"https:\/\/www.sonoraenequipo.com.mx\/storage\/2019\/01\/sonoraenequipo_opt.png","contentUrl":"https:\/\/www.sonoraenequipo.com.mx\/storage\/2019\/01\/sonoraenequipo_opt.png","width":375,"height":125,"caption":"Sonoraenequipo.com.mx"},"image":{"@id":"https:\/\/www.sonoraenequipo.com.mx\/#\/schema\/logo\/image\/"},"sameAs":["https:\/\/www.facebook.com\/SonoraEE\/","https:\/\/x.com\/sonoraenequipo","https:\/\/www.youtube.com\/channel\/UC338nW-lPEYmJQs4ZABQ1SQ"]}]}},"_links":{"self":[{"href":"https:\/\/www.sonoraenequipo.com.mx\/api\/wp\/v2\/pages\/97290","targetHints":{"allow":["GET"]}}],"collection":[{"href":"https:\/\/www.sonoraenequipo.com.mx\/api\/wp\/v2\/pages"}],"about":[{"href":"https:\/\/www.sonoraenequipo.com.mx\/api\/wp\/v2\/types\/page"}],"author":[{"embeddable":true,"href":"https:\/\/www.sonoraenequipo.com.mx\/api\/wp\/v2\/users\/1"}],"replies":[{"embeddable":true,"href":"https:\/\/www.sonoraenequipo.com.mx\/api\/wp\/v2\/comments?post=97290"}],"version-history":[{"count":3048,"href":"https:\/\/www.sonoraenequipo.com.mx\/api\/wp\/v2\/pages\/97290\/revisions"}],"predecessor-version":[{"id":157470,"href":"https:\/\/www.sonoraenequipo.com.mx\/api\/wp\/v2\/pages\/97290\/revisions\/157470"}],"wp:attachment":[{"href":"https:\/\/www.sonoraenequipo.com.mx\/api\/wp\/v2\/media?parent=97290"}],"curies":[{"name":"wp","href":"https:\/\/api.w.org\/{rel}","templated":true}]}}